{"id":5630,"date":"2022-01-11T12:58:33","date_gmt":"2022-01-11T17:58:33","guid":{"rendered":"https:\/\/www.able2.org\/?page_id=5630"},"modified":"2022-01-11T12:58:59","modified_gmt":"2022-01-11T17:58:59","slug":"la-seance-dinformation-du-groupe-de-la-fratrie","status":"publish","type":"page","link":"https:\/\/www.able2.org\/fr\/la-seance-dinformation-du-groupe-de-la-fratrie\/","title":{"rendered":"La s\u00e9ance d\u2019information du Groupe de la Fratrie"},"content":{"rendered":"\n<p>Avoir un fr\u00e8re ou une s\u0153ur vivant avec une incapacit\u00e9 peut \u00eatre amusant et stimulant pour les enfants et les adolescents. Nos groupes th\u00e9rapeutiques offrent la possibilit\u00e9 de : rencontrer d\u2019autres enfants \/ adolescents qui comprennent, partagent leurs exp\u00e9riences, s\u2019informent, font des activit\u00e9s amusantes et d\u00e9couvrent divers handicaps.<\/p>\n\n\n\n<p><\/p>\n\n\n\n<p>Les participants, \u00e2g\u00e9s de 6 \u00e0 17 ans, seront regroup\u00e9s par \u00e2ge en quatre groupes diff\u00e9rents.<\/p>\n\n\n\n<p><\/p>\n\n\n\n<p>Les groupes se r\u00e9unissent une fois par mois et sont dirig\u00e9s par des animatrices de programme form\u00e9es et exp\u00e9riment\u00e9es.<\/p>\n\n\n\n<p><\/p>\n\n\n\n<p>Pour en savoir plus sur ce programme, veuillez-vous joindre \u00e0 nous virtuellement le 17 janvier \u00e0 18 heures pour la s\u00e9ance d\u2019information du Groupe de la Fratrie. Ce sera l\u2019occasion de poser des questions et d\u2019apprendre sur les impacts des groupes de soutien.<\/p>\n","protected":false},"excerpt":{"rendered":"<p>Avoir un fr\u00e8re ou une s\u0153ur vivant avec une incapacit\u00e9 peut \u00eatre amusant et stimulant pour les enfants et les adolescents. Nos groupes th\u00e9rapeutiques offrent la possibilit\u00e9 de : rencontrer d\u2019autres enfants \/ adolescents qui comprennent, partagent leurs exp\u00e9riences, s\u2019informent, font des activit\u00e9s amusantes et d\u00e9couvrent divers handicaps. Les participants, \u00e2g\u00e9s de 6 \u00e0 17 [&hellip;]<\/p>\n","protected":false},"author":1,"featured_media":0,"parent":0,"menu_order":0,"comment_status":"closed","ping_status":"closed","template":"page-templates\/page-sidebar.php","meta":{"_acf_changed":false,"footnotes":""},"acf":[],"yoast_head":"<!-- This site is optimized with the Yoast SEO plugin v22.8 - https:\/\/yoast.com\/wordpress\/plugins\/seo\/ -->\n<title>La s\u00e9ance d\u2019information du Groupe de la Fratrie | ABLE2<\/title>\n<meta name=\"robots\" content=\"index, follow, max-snippet:-1, max-image-preview:large, max-video-preview:-1\" \/>\n<link rel=\"canonical\" href=\"https:\/\/www.able2.org\/fr\/la-seance-dinformation-du-groupe-de-la-fratrie\/\" \/>\n<meta property=\"og:locale\" content=\"fr_FR\" \/>\n<meta property=\"og:type\" content=\"article\" \/>\n<meta property=\"og:title\" content=\"La s\u00e9ance d\u2019information du Groupe de la Fratrie | ABLE2\" \/>\n<meta property=\"og:description\" content=\"Avoir un fr\u00e8re ou une s\u0153ur vivant avec une incapacit\u00e9 peut \u00eatre amusant et stimulant pour les enfants et les adolescents. Nos groupes th\u00e9rapeutiques offrent la possibilit\u00e9 de : rencontrer d\u2019autres enfants \/ adolescents qui comprennent, partagent leurs exp\u00e9riences, s\u2019informent, font des activit\u00e9s amusantes et d\u00e9couvrent divers handicaps. Les participants, \u00e2g\u00e9s de 6 \u00e0 17 [&hellip;]\" \/>\n<meta property=\"og:url\" content=\"https:\/\/www.able2.org\/fr\/la-seance-dinformation-du-groupe-de-la-fratrie\/\" \/>\n<meta property=\"og:site_name\" content=\"ABLE2\" \/>\n<meta property=\"article:modified_time\" content=\"2022-01-11T17:58:59+00:00\" \/>\n<meta name=\"twitter:card\" content=\"summary_large_image\" \/>\n<meta name=\"twitter:label1\" content=\"Dur\u00e9e de lecture estim\u00e9e\" \/>\n\t<meta name=\"twitter:data1\" content=\"1 minute\" \/>\n<script type=\"application\/ld+json\" class=\"yoast-schema-graph\">{\"@context\":\"https:\/\/schema.org\",\"@graph\":[{\"@type\":\"WebPage\",\"@id\":\"https:\/\/www.able2.org\/fr\/la-seance-dinformation-du-groupe-de-la-fratrie\/\",\"url\":\"https:\/\/www.able2.org\/fr\/la-seance-dinformation-du-groupe-de-la-fratrie\/\",\"name\":\"La s\u00e9ance d\u2019information du Groupe de la Fratrie | ABLE2\",\"isPartOf\":{\"@id\":\"https:\/\/www.able2.org\/#website\"},\"datePublished\":\"2022-01-11T17:58:33+00:00\",\"dateModified\":\"2022-01-11T17:58:59+00:00\",\"breadcrumb\":{\"@id\":\"https:\/\/www.able2.org\/fr\/la-seance-dinformation-du-groupe-de-la-fratrie\/#breadcrumb\"},\"inLanguage\":\"fr-FR\",\"potentialAction\":[{\"@type\":\"ReadAction\",\"target\":[\"https:\/\/www.able2.org\/fr\/la-seance-dinformation-du-groupe-de-la-fratrie\/\"]}]},{\"@type\":\"BreadcrumbList\",\"@id\":\"https:\/\/www.able2.org\/fr\/la-seance-dinformation-du-groupe-de-la-fratrie\/#breadcrumb\",\"itemListElement\":[{\"@type\":\"ListItem\",\"position\":1,\"name\":\"Home\",\"item\":\"https:\/\/www.able2.org\/fr\/accueil\/\"},{\"@type\":\"ListItem\",\"position\":2,\"name\":\"La s\u00e9ance d\u2019information du Groupe de la Fratrie\"}]},{\"@type\":\"WebSite\",\"@id\":\"https:\/\/www.able2.org\/#website\",\"url\":\"https:\/\/www.able2.org\/\",\"name\":\"ABLE2\",\"description\":\"\",\"publisher\":{\"@id\":\"https:\/\/www.able2.org\/#organization\"},\"potentialAction\":[{\"@type\":\"SearchAction\",\"target\":{\"@type\":\"EntryPoint\",\"urlTemplate\":\"https:\/\/www.able2.org\/?s={search_term_string}\"},\"query-input\":\"required name=search_term_string\"}],\"inLanguage\":\"fr-FR\"},{\"@type\":\"Organization\",\"@id\":\"https:\/\/www.able2.org\/#organization\",\"name\":\"ABLE2\",\"url\":\"https:\/\/www.able2.org\/\",\"logo\":{\"@type\":\"ImageObject\",\"inLanguage\":\"fr-FR\",\"@id\":\"https:\/\/www.able2.org\/#\/schema\/logo\/image\/\",\"url\":\"https:\/\/www.able2.org\/wp-content\/uploads\/2020\/05\/logo.png\",\"contentUrl\":\"https:\/\/www.able2.org\/wp-content\/uploads\/2020\/05\/logo.png\",\"width\":528,\"height\":137,\"caption\":\"ABLE2\"},\"image\":{\"@id\":\"https:\/\/www.able2.org\/#\/schema\/logo\/image\/\"}}]}<\/script>\n<!-- \/ Yoast SEO plugin. -->","yoast_head_json":{"title":"La s\u00e9ance d\u2019information du Groupe de la Fratrie | ABLE2","robots":{"index":"index","follow":"follow","max-snippet":"max-snippet:-1","max-image-preview":"max-image-preview:large","max-video-preview":"max-video-preview:-1"},"canonical":"https:\/\/www.able2.org\/fr\/la-seance-dinformation-du-groupe-de-la-fratrie\/","og_locale":"fr_FR","og_type":"article","og_title":"La s\u00e9ance d\u2019information du Groupe de la Fratrie | ABLE2","og_description":"Avoir un fr\u00e8re ou une s\u0153ur vivant avec une incapacit\u00e9 peut \u00eatre amusant et stimulant pour les enfants et les adolescents. Nos groupes th\u00e9rapeutiques offrent la possibilit\u00e9 de : rencontrer d\u2019autres enfants \/ adolescents qui comprennent, partagent leurs exp\u00e9riences, s\u2019informent, font des activit\u00e9s amusantes et d\u00e9couvrent divers handicaps. Les participants, \u00e2g\u00e9s de 6 \u00e0 17 [&hellip;]","og_url":"https:\/\/www.able2.org\/fr\/la-seance-dinformation-du-groupe-de-la-fratrie\/","og_site_name":"ABLE2","article_modified_time":"2022-01-11T17:58:59+00:00","twitter_card":"summary_large_image","twitter_misc":{"Dur\u00e9e de lecture estim\u00e9e":"1 minute"},"schema":{"@context":"https:\/\/schema.org","@graph":[{"@type":"WebPage","@id":"https:\/\/www.able2.org\/fr\/la-seance-dinformation-du-groupe-de-la-fratrie\/","url":"https:\/\/www.able2.org\/fr\/la-seance-dinformation-du-groupe-de-la-fratrie\/","name":"La s\u00e9ance d\u2019information du Groupe de la Fratrie | ABLE2","isPartOf":{"@id":"https:\/\/www.able2.org\/#website"},"datePublished":"2022-01-11T17:58:33+00:00","dateModified":"2022-01-11T17:58:59+00:00","breadcrumb":{"@id":"https:\/\/www.able2.org\/fr\/la-seance-dinformation-du-groupe-de-la-fratrie\/#breadcrumb"},"inLanguage":"fr-FR","potentialAction":[{"@type":"ReadAction","target":["https:\/\/www.able2.org\/fr\/la-seance-dinformation-du-groupe-de-la-fratrie\/"]}]},{"@type":"BreadcrumbList","@id":"https:\/\/www.able2.org\/fr\/la-seance-dinformation-du-groupe-de-la-fratrie\/#breadcrumb","itemListElement":[{"@type":"ListItem","position":1,"name":"Home","item":"https:\/\/www.able2.org\/fr\/accueil\/"},{"@type":"ListItem","position":2,"name":"La s\u00e9ance d\u2019information du Groupe de la Fratrie"}]},{"@type":"WebSite","@id":"https:\/\/www.able2.org\/#website","url":"https:\/\/www.able2.org\/","name":"ABLE2","description":"","publisher":{"@id":"https:\/\/www.able2.org\/#organization"},"potentialAction":[{"@type":"SearchAction","target":{"@type":"EntryPoint","urlTemplate":"https:\/\/www.able2.org\/?s={search_term_string}"},"query-input":"required name=search_term_string"}],"inLanguage":"fr-FR"},{"@type":"Organization","@id":"https:\/\/www.able2.org\/#organization","name":"ABLE2","url":"https:\/\/www.able2.org\/","logo":{"@type":"ImageObject","inLanguage":"fr-FR","@id":"https:\/\/www.able2.org\/#\/schema\/logo\/image\/","url":"https:\/\/www.able2.org\/wp-content\/uploads\/2020\/05\/logo.png","contentUrl":"https:\/\/www.able2.org\/wp-content\/uploads\/2020\/05\/logo.png","width":528,"height":137,"caption":"ABLE2"},"image":{"@id":"https:\/\/www.able2.org\/#\/schema\/logo\/image\/"}}]}},"_links":{"self":[{"href":"https:\/\/www.able2.org\/fr\/wp-json\/wp\/v2\/pages\/5630"}],"collection":[{"href":"https:\/\/www.able2.org\/fr\/wp-json\/wp\/v2\/pages"}],"about":[{"href":"https:\/\/www.able2.org\/fr\/wp-json\/wp\/v2\/types\/page"}],"author":[{"embeddable":true,"href":"https:\/\/www.able2.org\/fr\/wp-json\/wp\/v2\/users\/1"}],"replies":[{"embeddable":true,"href":"https:\/\/www.able2.org\/fr\/wp-json\/wp\/v2\/comments?post=5630"}],"version-history":[{"count":1,"href":"https:\/\/www.able2.org\/fr\/wp-json\/wp\/v2\/pages\/5630\/revisions"}],"predecessor-version":[{"id":5631,"href":"https:\/\/www.able2.org\/fr\/wp-json\/wp\/v2\/pages\/5630\/revisions\/5631"}],"wp:attachment":[{"href":"https:\/\/www.able2.org\/fr\/wp-json\/wp\/v2\/media?parent=5630"}],"curies":[{"name":"wp","href":"https:\/\/api.w.org\/{rel}","templated":true}]}}