{"id":3831,"date":"2021-05-20T12:53:05","date_gmt":"2021-05-20T16:53:05","guid":{"rendered":"https:\/\/www.able2.org\/notre-histoire\/"},"modified":"2025-09-16T12:58:06","modified_gmt":"2025-09-16T16:58:06","slug":"notre-histoire","status":"publish","type":"page","link":"https:\/\/www.able2.org\/fr\/a-propos-de-nous\/notre-histoire\/","title":{"rendered":"Notre histoire"},"content":{"rendered":"\n<div style=\"height:50px\" aria-hidden=\"true\" class=\"wp-block-spacer\"><\/div>\n\n\n\n<h2 class=\"wp-block-heading\"><strong>L\u2019histoire d\u2019ABLE2&nbsp;<\/strong><\/h2>\n\n\n\n<p>Notre histoire a commenc\u00e9 en 1966, quand Dr Wolf Wolfensberger se lance dans un projet aux&nbsp; \u00c9tats-Unis visant \u00e0 aider les personnes ayant une d\u00e9ficience intellectuelle \u00e0 quitter les&nbsp; institutions pour r\u00e9int\u00e9grer la vie communautaire. On se rendait de plus en plus compte \u00e0 cette&nbsp; \u00e9poque que l\u2019institutionnalisation n\u2019\u00e9tait pas la meilleure solution et que les personnes ayant&nbsp; une incapacit\u00e9 pouvaient, avec du soutien, apporter une contribution pr\u00e9cieuse \u00e0 la soci\u00e9t\u00e9. Le&nbsp; mouvement de parrainage civique \u00e9tait une r\u00e9ponse \u00e0 la prise de conscience que les personnes&nbsp; vivant avec un handicap pouvaient s\u2019\u00e9panouir et participer \u00e0 la communaut\u00e9.&nbsp;<\/p>\n\n\n\n<p>Le concept s\u2019est r\u00e9pandu au Canada en 1971 et a \u00e9t\u00e9 cr\u00e9\u00e9 \u00e0 Ottawa par David Hall en 1974,&nbsp; initialement connu sous le nom de Parrainage civique d\u2019Ottawa-Carleton, avec sa premi\u00e8re&nbsp; directrice g\u00e9n\u00e9rale, Eileen Scotton. \u00c0 l\u2019\u00e9poque, Parrainage civique jumelait des b\u00e9n\u00e9voles de la&nbsp; communaut\u00e9 et des personnes ayant une d\u00e9ficience intellectuelle, les aidant \u00e0 sortir et \u00e0&nbsp; participer \u00e0 la collectivit\u00e9.&nbsp;<\/p>\n\n\n\n<p>De 1985 \u00e0 2018, Brian Tardif dirigeait l\u2019organisation. Au cours de cette p\u00e9riode, celle-ci a offert&nbsp; du soutien \u00e0 des personnes vivant avec tous les types de handicaps et a d\u00e9velopp\u00e9 d\u2019autres&nbsp; programmes tels que les R\u00e9seaux pour la vie (appel\u00e9s maintenant B\u00e2tir une communaut\u00e9), la&nbsp; Facilitation ind\u00e9pendante et la planification centr\u00e9es sur la personne (maintenant Planification&nbsp; dirig\u00e9e par la personne et facilitation), le Programme de ressources sur l\u2019alcoolisation f\u0153tale et&nbsp; les Groupes de la fratrie.&nbsp;<\/p>\n\n\n\n<p>En 2020, sous la direction de Heather Lacey, l\u2019organisation a \u00e9t\u00e9 renomm\u00e9e et rebaptis\u00e9e.&nbsp; D\u2019autres programmes ont \u00e9t\u00e9 ajout\u00e9s tels que le Courtage de fonds et les s\u00e9ries \u00e9ducatives.&nbsp; L\u2019\u00e9quipe Communication, engagement et collecte de fonds a \u00e9galement \u00e9t\u00e9 form\u00e9e avec le&nbsp; mandat de diversifier et de renforcer le financement de l\u2019organisation, en mettant en relief sa&nbsp; visibilit\u00e9, son travail et ses impacts sur la communaut\u00e9.<\/p>\n\n\n\n<p>En janvier 2023, Reach Canada a fusionn\u00e9 avec ABLE2. Reach services juridiques est un service&nbsp; d\u2019ABLE2, et les excellents ateliers de formation juridique se poursuivent dans le cadre des s\u00e9ries&nbsp; \u00e9ducatives sur la croissance d\u2019ABLE2.&nbsp;<\/p>\n\n\n\n<p>Reach Canada a \u00e9t\u00e9 constitu\u00e9e en 1981 en r\u00e9ponse \u00e0 l\u2019Ann\u00e9e internationale des personnes&nbsp; vivant avec des handicaps des Nations Unies. Depuis le d\u00e9but, des centaines de professionnels&nbsp; du droit et de b\u00e9n\u00e9voles ont donn\u00e9 et continuent de donner de leur temps et de leur expertise&nbsp; pour fournir d\u2019excellents conseils juridiques en temps opportun et \u00e9duquer la communaut\u00e9 sur&nbsp; des sujets li\u00e9s au handicap.&nbsp;<\/p>\n\n\n\n<p>Reach a commenc\u00e9 par prendre en charge un cas pour une personne qui est devenue une&nbsp; source d\u2019inspiration pour la cr\u00e9ation de Reach \u2013 Rod Carpenter. Gr\u00e2ce \u00e0 des efforts d\u00e9termin\u00e9s,&nbsp; un compte bancaire a \u00e9t\u00e9 ouvert pour Rod, ce qui lui a permis d\u2019utiliser son empreinte digitale&nbsp; comme signature. Aujourd\u2019hui, des personnes vivant avec tout type de handicap font&nbsp; r\u00e9guli\u00e8rement appel \u00e0 Reach.&nbsp;<\/p>\n\n\n\n<p>Chaque ann\u00e9e, ABLE2 soutient plus de 2000 personnes ayant une incapacit\u00e9 pour les aider \u00e0 se&nbsp; construire une vie pleine de sens et de joie. On estime que son soutien a indirectement affect\u00e9&nbsp; la vie de trois \u00e0 quatre fois plus de personnes, incluant les familles, les professionnels et les&nbsp; membres de la communaut\u00e9.&nbsp;<\/p>\n\n\n\n<p>\u00c0 Ottawa, plus de 500 personnes consacrent leur temps et leurs comp\u00e9tences \u00e0 ABLE2,&nbsp; contribuant plus de 36500 heures par ann\u00e9e.&nbsp;<\/p>\n\n\n\n<p>Un r\u00e9seau de gouvernements et de fondations nationaux, provinciaux et locaux finance le&nbsp; travail d\u2019ABLE2. Cependant, ce financement n\u2019est pas garanti et ABLE2 d\u00e9pend fortement de&nbsp;<strong><a href=\"https:\/\/www.able2.org\/fr\/faites-un-don\/\" target=\"_blank\" rel=\"noreferrer noopener\">g\u00e9n\u00e9reux donateurs<\/a> <\/strong>et de la collecte de fonds.&nbsp;<\/p>\n\n\n\n<div style=\"height:50px\" aria-hidden=\"true\" class=\"wp-block-spacer\"><\/div>\n\n\n\n<h2 class=\"wp-block-heading\"><strong>C\u00e9l\u00e9bration de 50 ans d\u2019autonomisation<\/strong><\/h2>\n\n\n\n<p>Depuis 1974, ABLE2 est un acteur cl\u00e9 dans la cr\u00e9ation d\u2019une communaut\u00e9 plus inclusive et accessible \u00e0 Ottawa pour les personnes en situation de handicap. Fond\u00e9 \u00e0 l\u2019origine sous le nom de Citizen Advocacy, ABLE2 a soutenu des milliers de personnes et de familles gr\u00e2ce \u00e0 des programmes centr\u00e9s sur la personne, des liens communautaires et des actions de plaidoyer. Alors que nous c\u00e9l\u00e9brons nos 50 ans, nous honorons les histoires de r\u00e9silience, d\u2019ind\u00e9pendance et d\u2019appartenance \u2014 et nous poursuivons notre engagement \u00e0 r\u00e9duire les obstacles et \u00e0 autonomiser les vies pour les g\u00e9n\u00e9rations \u00e0 venir.<\/p>\n\n\n\n<p><strong><a href=\"https:\/\/www.able2.org\/wp-content\/uploads\/2024\/05\/24-ABLE2-Celebrating-50-Years-of-Service-final-compressed.pdf\" target=\"_blank\" rel=\"noreferrer noopener\"><strong>Lisez plus d\u2019histoires dans le num\u00e9ro complet d\u2019anniversaire ici<\/strong>.<\/a><\/strong> [Disponible uniquement en Anglais] &nbsp;<\/p>\n\n\n\n<div style=\"height:50px\" aria-hidden=\"true\" class=\"wp-block-spacer\"><\/div>\n\n\n<div class=\"wp-block-image\">\n<figure class=\"aligncenter size-large\"><a href=\"https:\/\/www.able2.org\/our-stories\/\"><img loading=\"lazy\" decoding=\"async\" width=\"1024\" height=\"576\" src=\"https:\/\/www.able2.org\/wp-content\/uploads\/2024\/05\/2About-OurHistory-Testimonial_FR-min-1024x576.png\" alt=\"\" class=\"wp-image-16376\" srcset=\"https:\/\/www.able2.org\/wp-content\/uploads\/2024\/05\/2About-OurHistory-Testimonial_FR-min-1024x576.png 1024w, https:\/\/www.able2.org\/wp-content\/uploads\/2024\/05\/2About-OurHistory-Testimonial_FR-min-300x169.png 300w, https:\/\/www.able2.org\/wp-content\/uploads\/2024\/05\/2About-OurHistory-Testimonial_FR-min-768x432.png 768w, https:\/\/www.able2.org\/wp-content\/uploads\/2024\/05\/2About-OurHistory-Testimonial_FR-min-1536x864.png 1536w, https:\/\/www.able2.org\/wp-content\/uploads\/2024\/05\/2About-OurHistory-Testimonial_FR-min.png 1920w\" sizes=\"(max-width: 1024px) 100vw, 1024px\" \/><\/a><\/figure><\/div>\n\n\n<div style=\"height:100px\" aria-hidden=\"true\" class=\"wp-block-spacer\"><\/div>\n\n\n    <section class=\"container sm:flex\">\n                                <article class=\"card sm:w-1\/3\">\n                <a href=\"https:\/\/www.able2.org\/fr\/faites-un-don\/\" class=\"block h-full\">\n                    <h2 class=\"card__title\">Ayez un impact durable en devenant un donateur mensuel \u2063\u2063<\/h2>\n                    <div class=\"card__img-container\">\n                        <img decoding=\"async\" src=\"https:\/\/www.able2.org\/wp-content\/uploads\/2024\/04\/2About-OurHistory-Bucket-MonthlyDonor-300x174.png\" srcset=\"https:\/\/www.able2.org\/wp-content\/uploads\/2024\/04\/2About-OurHistory-Bucket-MonthlyDonor-300x174.png 300w, https:\/\/www.able2.org\/wp-content\/uploads\/2024\/04\/2About-OurHistory-Bucket-MonthlyDonor-1024x594.png 1024w, https:\/\/www.able2.org\/wp-content\/uploads\/2024\/04\/2About-OurHistory-Bucket-MonthlyDonor-768x446.png 768w, https:\/\/www.able2.org\/wp-content\/uploads\/2024\/04\/2About-OurHistory-Bucket-MonthlyDonor.png 1329w\" sizes=\"(max-width: 640px) 100vw, 640px\" alt=\"\" class=\"card__img\">\n                    <\/div>\n                    <p class=\"card__text\">Votre don aide les personnes\u00a0 vivant avec un handicap \u00e0 acqu\u00e9rir de nouvelles<\/p>\n                <\/a>\n            <\/article>\n                                            <article class=\"card card--yellow sm:w-1\/3\">\n                <a href=\"https:\/\/www.able2.org\/fr\/nos-histoires\/\" class=\"block h-full\">\n                    <h2 class=\"card__title\">Apprenez en plus sur comment votre contribution permet de changer des vies<\/h2>\n                    <div class=\"card__img-container\">\n                        <img decoding=\"async\" src=\"https:\/\/www.able2.org\/wp-content\/uploads\/2024\/04\/1About-Bucket-History-300x174.png\" srcset=\"https:\/\/www.able2.org\/wp-content\/uploads\/2024\/04\/1About-Bucket-History-300x174.png 300w, https:\/\/www.able2.org\/wp-content\/uploads\/2024\/04\/1About-Bucket-History-1024x594.png 1024w, https:\/\/www.able2.org\/wp-content\/uploads\/2024\/04\/1About-Bucket-History-768x446.png 768w, https:\/\/www.able2.org\/wp-content\/uploads\/2024\/04\/1About-Bucket-History.png 1329w\" sizes=\"(max-width: 640px) 100vw, 640px\" alt=\"\" class=\"card__img\">\n                    <\/div>\n                    <p class=\"card__text\">Apprenez-en plus sur les histoires des utilisateurs de\u00a0 programmes, des b\u00e9n\u00e9voles et des d\u00e9fenseurs du milieu\u00a0communautaire.<\/p>\n                <\/a>\n            <\/article>\n                                            <article class=\"card sm:w-1\/3\">\n                <a href=\"https:\/\/www.able2.org\/fr\/faire-du-benevolat-avec-able2\/\" class=\"block h-full\">\n                    <h2 class=\"card__title\">B\u00e9n\u00e9vole\u2063<\/h2>\n                    <div class=\"card__img-container\">\n                        <img decoding=\"async\" src=\"https:\/\/www.able2.org\/wp-content\/uploads\/2024\/05\/DonateBucket-May2024-300x174.jpg\" srcset=\"https:\/\/www.able2.org\/wp-content\/uploads\/2024\/05\/DonateBucket-May2024-300x174.jpg 300w, https:\/\/www.able2.org\/wp-content\/uploads\/2024\/05\/DonateBucket-May2024-1024x594.jpg 1024w, https:\/\/www.able2.org\/wp-content\/uploads\/2024\/05\/DonateBucket-May2024-768x446.jpg 768w, https:\/\/www.able2.org\/wp-content\/uploads\/2024\/05\/DonateBucket-May2024.jpg 1329w\" sizes=\"(max-width: 640px) 100vw, 640px\" alt=\"\" class=\"card__img\">\n                    <\/div>\n                    <p class=\"card__text\">Lorsque vous faites du\u00a0b\u00e9n\u00e9volat, vous contribuez \u00e0\u00a0r\u00e9duire la solitude et\u00a0l\u2019isolement social v\u00e9cus par\u00a0de nombreuses personnes<\/p>\n                <\/a>\n            <\/article>\n                        <\/section>\n","protected":false},"excerpt":{"rendered":"<p>L\u2019histoire d\u2019ABLE2&nbsp; Notre histoire a commenc\u00e9 en 1966, quand Dr Wolf Wolfensberger se lance dans un projet aux&nbsp; \u00c9tats-Unis visant \u00e0 aider les personnes ayant une d\u00e9ficience intellectuelle \u00e0 quitter les&nbsp; institutions pour r\u00e9int\u00e9grer la vie communautaire. On se rendait de plus en plus compte \u00e0 cette&nbsp; \u00e9poque que l\u2019institutionnalisation n\u2019\u00e9tait pas la meilleure solution [&hellip;]<\/p>\n","protected":false},"author":1,"featured_media":16372,"parent":3821,"menu_order":1,"comment_status":"closed","ping_status":"closed","template":"page-templates\/page-no_sidebar.php","meta":{"_acf_changed":false,"footnotes":""},"acf":[],"yoast_head":"<!-- This site is optimized with the Yoast SEO plugin v22.8 - https:\/\/yoast.com\/wordpress\/plugins\/seo\/ -->\n<title>Notre histoire | ABLE2<\/title>\n<meta name=\"robots\" content=\"index, follow, max-snippet:-1, max-image-preview:large, max-video-preview:-1\" \/>\n<link rel=\"canonical\" href=\"https:\/\/www.able2.org\/fr\/a-propos-de-nous\/notre-histoire\/\" \/>\n<meta property=\"og:locale\" content=\"fr_FR\" \/>\n<meta property=\"og:type\" content=\"article\" \/>\n<meta property=\"og:title\" content=\"Notre histoire | ABLE2\" \/>\n<meta property=\"og:description\" content=\"L\u2019histoire d\u2019ABLE2&nbsp; Notre histoire a commenc\u00e9 en 1966, quand Dr Wolf Wolfensberger se lance dans un projet aux&nbsp; \u00c9tats-Unis visant \u00e0 aider les personnes ayant une d\u00e9ficience intellectuelle \u00e0 quitter les&nbsp; institutions pour r\u00e9int\u00e9grer la vie communautaire. On se rendait de plus en plus compte \u00e0 cette&nbsp; \u00e9poque que l\u2019institutionnalisation n\u2019\u00e9tait pas la meilleure solution [&hellip;]\" \/>\n<meta property=\"og:url\" content=\"https:\/\/www.able2.org\/fr\/a-propos-de-nous\/notre-histoire\/\" \/>\n<meta property=\"og:site_name\" content=\"ABLE2\" \/>\n<meta property=\"article:modified_time\" content=\"2025-09-16T16:58:06+00:00\" \/>\n<meta property=\"og:image\" content=\"https:\/\/www.able2.org\/wp-content\/uploads\/2024\/05\/2About-History-Timeline_FR.png\" \/>\n\t<meta property=\"og:image:width\" content=\"1711\" \/>\n\t<meta property=\"og:image:height\" content=\"650\" \/>\n\t<meta property=\"og:image:type\" content=\"image\/png\" \/>\n<meta name=\"twitter:card\" content=\"summary_large_image\" \/>\n<meta name=\"twitter:label1\" content=\"Dur\u00e9e de lecture estim\u00e9e\" \/>\n\t<meta name=\"twitter:data1\" content=\"4 minutes\" \/>\n<script type=\"application\/ld+json\" class=\"yoast-schema-graph\">{\"@context\":\"https:\/\/schema.org\",\"@graph\":[{\"@type\":\"WebPage\",\"@id\":\"https:\/\/www.able2.org\/fr\/a-propos-de-nous\/notre-histoire\/\",\"url\":\"https:\/\/www.able2.org\/fr\/a-propos-de-nous\/notre-histoire\/\",\"name\":\"Notre histoire | ABLE2\",\"isPartOf\":{\"@id\":\"https:\/\/www.able2.org\/#website\"},\"primaryImageOfPage\":{\"@id\":\"https:\/\/www.able2.org\/fr\/a-propos-de-nous\/notre-histoire\/#primaryimage\"},\"image\":{\"@id\":\"https:\/\/www.able2.org\/fr\/a-propos-de-nous\/notre-histoire\/#primaryimage\"},\"thumbnailUrl\":\"https:\/\/www.able2.org\/wp-content\/uploads\/2024\/05\/2About-History-Timeline_FR.png\",\"datePublished\":\"2021-05-20T16:53:05+00:00\",\"dateModified\":\"2025-09-16T16:58:06+00:00\",\"breadcrumb\":{\"@id\":\"https:\/\/www.able2.org\/fr\/a-propos-de-nous\/notre-histoire\/#breadcrumb\"},\"inLanguage\":\"fr-FR\",\"potentialAction\":[{\"@type\":\"ReadAction\",\"target\":[\"https:\/\/www.able2.org\/fr\/a-propos-de-nous\/notre-histoire\/\"]}]},{\"@type\":\"ImageObject\",\"inLanguage\":\"fr-FR\",\"@id\":\"https:\/\/www.able2.org\/fr\/a-propos-de-nous\/notre-histoire\/#primaryimage\",\"url\":\"https:\/\/www.able2.org\/wp-content\/uploads\/2024\/05\/2About-History-Timeline_FR.png\",\"contentUrl\":\"https:\/\/www.able2.org\/wp-content\/uploads\/2024\/05\/2About-History-Timeline_FR.png\",\"width\":1711,\"height\":650},{\"@type\":\"BreadcrumbList\",\"@id\":\"https:\/\/www.able2.org\/fr\/a-propos-de-nous\/notre-histoire\/#breadcrumb\",\"itemListElement\":[{\"@type\":\"ListItem\",\"position\":1,\"name\":\"Home\",\"item\":\"https:\/\/www.able2.org\/fr\/accueil\/\"},{\"@type\":\"ListItem\",\"position\":2,\"name\":\"\u00c0 propos de nous\",\"item\":\"https:\/\/www.able2.org\/fr\/a-propos-de-nous\/\"},{\"@type\":\"ListItem\",\"position\":3,\"name\":\"Notre histoire\"}]},{\"@type\":\"WebSite\",\"@id\":\"https:\/\/www.able2.org\/#website\",\"url\":\"https:\/\/www.able2.org\/\",\"name\":\"ABLE2\",\"description\":\"\",\"publisher\":{\"@id\":\"https:\/\/www.able2.org\/#organization\"},\"potentialAction\":[{\"@type\":\"SearchAction\",\"target\":{\"@type\":\"EntryPoint\",\"urlTemplate\":\"https:\/\/www.able2.org\/?s={search_term_string}\"},\"query-input\":\"required name=search_term_string\"}],\"inLanguage\":\"fr-FR\"},{\"@type\":\"Organization\",\"@id\":\"https:\/\/www.able2.org\/#organization\",\"name\":\"ABLE2\",\"url\":\"https:\/\/www.able2.org\/\",\"logo\":{\"@type\":\"ImageObject\",\"inLanguage\":\"fr-FR\",\"@id\":\"https:\/\/www.able2.org\/#\/schema\/logo\/image\/\",\"url\":\"https:\/\/www.able2.org\/wp-content\/uploads\/2020\/05\/logo.png\",\"contentUrl\":\"https:\/\/www.able2.org\/wp-content\/uploads\/2020\/05\/logo.png\",\"width\":528,\"height\":137,\"caption\":\"ABLE2\"},\"image\":{\"@id\":\"https:\/\/www.able2.org\/#\/schema\/logo\/image\/\"}}]}<\/script>\n<!-- \/ Yoast SEO plugin. -->","yoast_head_json":{"title":"Notre histoire | ABLE2","robots":{"index":"index","follow":"follow","max-snippet":"max-snippet:-1","max-image-preview":"max-image-preview:large","max-video-preview":"max-video-preview:-1"},"canonical":"https:\/\/www.able2.org\/fr\/a-propos-de-nous\/notre-histoire\/","og_locale":"fr_FR","og_type":"article","og_title":"Notre histoire | ABLE2","og_description":"L\u2019histoire d\u2019ABLE2&nbsp; Notre histoire a commenc\u00e9 en 1966, quand Dr Wolf Wolfensberger se lance dans un projet aux&nbsp; \u00c9tats-Unis visant \u00e0 aider les personnes ayant une d\u00e9ficience intellectuelle \u00e0 quitter les&nbsp; institutions pour r\u00e9int\u00e9grer la vie communautaire. On se rendait de plus en plus compte \u00e0 cette&nbsp; \u00e9poque que l\u2019institutionnalisation n\u2019\u00e9tait pas la meilleure solution [&hellip;]","og_url":"https:\/\/www.able2.org\/fr\/a-propos-de-nous\/notre-histoire\/","og_site_name":"ABLE2","article_modified_time":"2025-09-16T16:58:06+00:00","og_image":[{"width":1711,"height":650,"url":"https:\/\/www.able2.org\/wp-content\/uploads\/2024\/05\/2About-History-Timeline_FR.png","type":"image\/png"}],"twitter_card":"summary_large_image","twitter_misc":{"Dur\u00e9e de lecture estim\u00e9e":"4 minutes"},"schema":{"@context":"https:\/\/schema.org","@graph":[{"@type":"WebPage","@id":"https:\/\/www.able2.org\/fr\/a-propos-de-nous\/notre-histoire\/","url":"https:\/\/www.able2.org\/fr\/a-propos-de-nous\/notre-histoire\/","name":"Notre histoire | ABLE2","isPartOf":{"@id":"https:\/\/www.able2.org\/#website"},"primaryImageOfPage":{"@id":"https:\/\/www.able2.org\/fr\/a-propos-de-nous\/notre-histoire\/#primaryimage"},"image":{"@id":"https:\/\/www.able2.org\/fr\/a-propos-de-nous\/notre-histoire\/#primaryimage"},"thumbnailUrl":"https:\/\/www.able2.org\/wp-content\/uploads\/2024\/05\/2About-History-Timeline_FR.png","datePublished":"2021-05-20T16:53:05+00:00","dateModified":"2025-09-16T16:58:06+00:00","breadcrumb":{"@id":"https:\/\/www.able2.org\/fr\/a-propos-de-nous\/notre-histoire\/#breadcrumb"},"inLanguage":"fr-FR","potentialAction":[{"@type":"ReadAction","target":["https:\/\/www.able2.org\/fr\/a-propos-de-nous\/notre-histoire\/"]}]},{"@type":"ImageObject","inLanguage":"fr-FR","@id":"https:\/\/www.able2.org\/fr\/a-propos-de-nous\/notre-histoire\/#primaryimage","url":"https:\/\/www.able2.org\/wp-content\/uploads\/2024\/05\/2About-History-Timeline_FR.png","contentUrl":"https:\/\/www.able2.org\/wp-content\/uploads\/2024\/05\/2About-History-Timeline_FR.png","width":1711,"height":650},{"@type":"BreadcrumbList","@id":"https:\/\/www.able2.org\/fr\/a-propos-de-nous\/notre-histoire\/#breadcrumb","itemListElement":[{"@type":"ListItem","position":1,"name":"Home","item":"https:\/\/www.able2.org\/fr\/accueil\/"},{"@type":"ListItem","position":2,"name":"\u00c0 propos de nous","item":"https:\/\/www.able2.org\/fr\/a-propos-de-nous\/"},{"@type":"ListItem","position":3,"name":"Notre histoire"}]},{"@type":"WebSite","@id":"https:\/\/www.able2.org\/#website","url":"https:\/\/www.able2.org\/","name":"ABLE2","description":"","publisher":{"@id":"https:\/\/www.able2.org\/#organization"},"potentialAction":[{"@type":"SearchAction","target":{"@type":"EntryPoint","urlTemplate":"https:\/\/www.able2.org\/?s={search_term_string}"},"query-input":"required name=search_term_string"}],"inLanguage":"fr-FR"},{"@type":"Organization","@id":"https:\/\/www.able2.org\/#organization","name":"ABLE2","url":"https:\/\/www.able2.org\/","logo":{"@type":"ImageObject","inLanguage":"fr-FR","@id":"https:\/\/www.able2.org\/#\/schema\/logo\/image\/","url":"https:\/\/www.able2.org\/wp-content\/uploads\/2020\/05\/logo.png","contentUrl":"https:\/\/www.able2.org\/wp-content\/uploads\/2020\/05\/logo.png","width":528,"height":137,"caption":"ABLE2"},"image":{"@id":"https:\/\/www.able2.org\/#\/schema\/logo\/image\/"}}]}},"_links":{"self":[{"href":"https:\/\/www.able2.org\/fr\/wp-json\/wp\/v2\/pages\/3831"}],"collection":[{"href":"https:\/\/www.able2.org\/fr\/wp-json\/wp\/v2\/pages"}],"about":[{"href":"https:\/\/www.able2.org\/fr\/wp-json\/wp\/v2\/types\/page"}],"author":[{"embeddable":true,"href":"https:\/\/www.able2.org\/fr\/wp-json\/wp\/v2\/users\/1"}],"replies":[{"embeddable":true,"href":"https:\/\/www.able2.org\/fr\/wp-json\/wp\/v2\/comments?post=3831"}],"version-history":[{"count":82,"href":"https:\/\/www.able2.org\/fr\/wp-json\/wp\/v2\/pages\/3831\/revisions"}],"predecessor-version":[{"id":22156,"href":"https:\/\/www.able2.org\/fr\/wp-json\/wp\/v2\/pages\/3831\/revisions\/22156"}],"up":[{"embeddable":true,"href":"https:\/\/www.able2.org\/fr\/wp-json\/wp\/v2\/pages\/3821"}],"wp:featuredmedia":[{"embeddable":true,"href":"https:\/\/www.able2.org\/fr\/wp-json\/wp\/v2\/media\/16372"}],"wp:attachment":[{"href":"https:\/\/www.able2.org\/fr\/wp-json\/wp\/v2\/media?parent=3831"}],"curies":[{"name":"wp","href":"https:\/\/api.w.org\/{rel}","templated":true}]}}