{"id":11275,"date":"2023-04-21T13:05:40","date_gmt":"2023-04-21T17:05:40","guid":{"rendered":"https:\/\/www.able2.org\/benevole\/current-volunteer-opportunities\/"},"modified":"2024-06-04T13:37:55","modified_gmt":"2024-06-04T17:37:55","slug":"opportunites-de-benevolat-actuelles","status":"publish","type":"page","link":"https:\/\/www.able2.org\/fr\/programme-de-jumelage-de-benevoles\/opportunites-de-benevolat-actuelles\/","title":{"rendered":"Opportunit\u00e9s de b\u00e9n\u00e9volat actuelles"},"content":{"rendered":"\n<div class=\"wp-block-pb-accordion-item c-accordion__item js-accordion-item no-js\" data-initially-open=\"false\" data-click-to-close=\"true\" data-auto-close=\"true\" data-scroll=\"false\" data-scroll-offset=\"0\"><h2 id=\"at-112750\" class=\"c-accordion__title js-accordion-controller\" role=\"button\">Besoin d&rsquo;appels amicaux<\/h2><div id=\"ac-112750\" class=\"c-accordion__content\">\n<div class=\"wp-block-image is-style-default\"><figure class=\"aligncenter size-large is-resized\"><img loading=\"lazy\" decoding=\"async\" src=\"https:\/\/www.able2.org\/wp-content\/uploads\/2021\/10\/Friendly-Callers-Needed-Instagram-1-1-1024x1024.png\" alt=\"\" class=\"wp-image-5159\" width=\"274\" height=\"274\" srcset=\"https:\/\/www.able2.org\/wp-content\/uploads\/2021\/10\/Friendly-Callers-Needed-Instagram-1-1-1024x1024.png 1024w, https:\/\/www.able2.org\/wp-content\/uploads\/2021\/10\/Friendly-Callers-Needed-Instagram-1-1-300x300.png 300w, https:\/\/www.able2.org\/wp-content\/uploads\/2021\/10\/Friendly-Callers-Needed-Instagram-1-1-150x150.png 150w, https:\/\/www.able2.org\/wp-content\/uploads\/2021\/10\/Friendly-Callers-Needed-Instagram-1-1-768x768.png 768w, https:\/\/www.able2.org\/wp-content\/uploads\/2021\/10\/Friendly-Callers-Needed-Instagram-1-1.png 1080w\" sizes=\"(max-width: 274px) 100vw, 274px\" \/><\/figure><\/div>\n\n\n\n<p>Des b\u00e9n\u00e9voles sont recherch\u00e9s pour <em>Connect Friendly Callers<\/em>, un projet pilote visant \u00e0 r\u00e9duire l&rsquo;isolement social des personnes \u00e2g\u00e9es vivant avec un handicap pendant la pand\u00e9mie. Le projet Connect associe un senior \u00e0 un b\u00e9n\u00e9vole, pour une visite sociale virtuelle en utilisant la plateforme pr\u00e9f\u00e9r\u00e9e du senior (t\u00e9l\u00e9phone, FaceTime, Zoom WhatsApp, etc.).<\/p>\n\n\n\n<p>Si vous \u00eates int\u00e9ress\u00e9 \u00e0 partager quelques minutes de votre temps avec une personne \u00e2g\u00e9e isol\u00e9e, veuillez communiquer avec nous par courriel \u00e0 <a href=\"mailto:scampbell@able2.org\"><strong><strong><a href=\"mailto:Volunteer@able2.org\">Volunteer@able2.org<\/a><\/strong> ou par t\u00e9l\u00e9phone au <strong><a href=\"tel:613-761-9522\">613-761-952<\/a><\/strong> <\/strong><\/a><\/p>\n<\/div><\/div>\n\n\n\n<div class=\"wp-block-pb-accordion-item c-accordion__item js-accordion-item no-js\" data-initially-open=\"false\" data-click-to-close=\"true\" data-auto-close=\"true\" data-scroll=\"false\" data-scroll-offset=\"0\"><h2 id=\"at-112751\" class=\"c-accordion__title js-accordion-controller\" role=\"button\">Membres du comit\u00e9 d&rsquo;action des consommateurs<\/h2><div id=\"ac-112751\" class=\"c-accordion__content\">\n<div class=\"wp-block-image\"><figure class=\"aligncenter size-large\"><img loading=\"lazy\" decoding=\"async\" width=\"246\" height=\"180\" src=\"https:\/\/www.able2.org\/wp-content\/uploads\/2021\/10\/CAC.jpg\" alt=\"\" class=\"wp-image-5120\"\/><\/figure><\/div>\n\n\n\n<p>Vous souhaitez changer la vie des personnes handicap\u00e9es ? Vous aimez d\u00e9fendre les autres ? Voulez-vous que votre voix soit entendue ? Le Comit\u00e9 d&rsquo;action des consommateurs recrute actuellement de nouveaux membres. Si vous avez utilis\u00e9 les services ABLE2 ou si vous \u00eates sur la liste d&rsquo;attente, vous \u00eates invit\u00e9 \u00e0 rejoindre notre comit\u00e9.<\/p>\n\n\n\n<p><em>\u00ab\u00a0Je suis membre du comit\u00e9 d&rsquo;action des consommateurs depuis 1992. Certaines des choses que nous avons faites sont que nous avons \u00e9crit des lettres \u00e0 Queens Park sur les probl\u00e8mes li\u00e9s aux personnes handicap\u00e9es. Nous sommes \u00e9galement all\u00e9s \u00e0 des r\u00e9unions \u00e0 la ville salle de lutte pour les personnes handicap\u00e9es. J&rsquo;aime aider les gens. Nous sommes toujours \u00e0 la recherche de nouveaux membres.<\/em>\u00a0\u00bb <strong>&#8211;<\/strong> <strong>Veronica Anderson<\/strong><\/p>\n\n\n\n<p>Si vous \u00eates int\u00e9ress\u00e9, veuillez nous contacter par courriel <strong><a href=\"mailto:Volunteer@able2.org\">Volunteer@able2.org<\/a><\/strong> ou par t\u00e9l\u00e9phone au <strong><a href=\"tel:613-761-9522\">613-761-9522<\/a><\/strong>.<\/p>\n<\/div><\/div>\n\n\n\n<div class=\"wp-block-pb-accordion-item c-accordion__item js-accordion-item no-js\" data-initially-open=\"false\" data-click-to-close=\"true\" data-auto-close=\"true\" data-scroll=\"false\" data-scroll-offset=\"0\"><h2 id=\"at-112752\" class=\"c-accordion__title js-accordion-controller\" role=\"button\">B\u00e9n\u00e9vole en communication<\/h2><div id=\"ac-112752\" class=\"c-accordion__content\">\n<div class=\"wp-block-image\"><figure class=\"aligncenter is-resized\"><img loading=\"lazy\" decoding=\"async\" src=\"https:\/\/www.able2.org\/wp-content\/uploads\/2022\/10\/Add-a-heading-1.png\" alt=\"This image has an empty alt attribute; its file name is Add-a-heading-1.png\" width=\"319\" height=\"272\"\/><\/figure><\/div>\n\n\n\n<p>C&rsquo;est l&rsquo;occasion de partager les histoires de personnes handicap\u00e9es et l&rsquo;impact que les amiti\u00e9s et les programmes de soutien peuvent avoir sur leur vie. Le r\u00f4le du volontaire en communication est d&rsquo;interviewer les personnes soutenues par ABLE2, de filmer l&rsquo;interview, d&rsquo;\u00e9crire une histoire et de monter la vid\u00e9o.<\/p>\n\n\n\n<p>Si vous \u00eates int\u00e9ress\u00e9, veuillez contacter <strong><a href=\"mailto:Volunteer@able2.org\">Volunteer@able2.org<\/a><\/strong> ou par t\u00e9l\u00e9phone au <strong><a href=\"tel:613-761-9522\">613-761-952<\/a><\/strong> <\/p>\n<\/div><\/div>\n\n\n\n<div class=\"wp-block-pb-accordion-item c-accordion__item js-accordion-item no-js\" data-initially-open=\"false\" data-click-to-close=\"true\" data-auto-close=\"true\" data-scroll=\"false\" data-scroll-offset=\"0\"><h2 id=\"at-112753\" class=\"c-accordion__title js-accordion-controller\" role=\"button\">B\u00e9n\u00e9voles de la liste juridique<\/h2><div id=\"ac-112753\" class=\"c-accordion__content\">\n<p>Des professionnels juridiques b\u00e9n\u00e9voles (y compris des avocats, des parajuristes et des m\u00e9diateurs) fournissent des services juridiques pro bono aux clients handicap\u00e9s. Chaque volontaire est pri\u00e9 de fournir une premi\u00e8re consultation d&rsquo;une dur\u00e9e maximale de trois heures sur une base pro bono.<\/p>\n\n\n\n<div class=\"wp-block-buttons is-layout-flex wp-block-buttons-is-layout-flex\">\n<div class=\"wp-block-button is-style-fill\"><a class=\"wp-block-button__link has-black-color has-text-color has-background no-border-radius\" href=\"https:\/\/www.able2.org\/legal-roster-volunteer-registration-form\/\" style=\"background-color:#00b9c6\" target=\"_blank\" rel=\"noreferrer noopener\"><strong>Formulaire d&rsquo;inscription des b\u00e9n\u00e9voles sur la liste juridique<\/strong><\/a><\/div>\n<\/div>\n\n\n\n<p>Si vous \u00eates int\u00e9ress\u00e9, veuillez nous contacter par e-mail \u00e0\u00a0<a href=\"mailto:volunteer@Able2.org\"><strong>volunteer@Able2.org<\/strong><\/a>\u00a0ou par t\u00e9l\u00e9phone au <strong><a href=\"tel:613-761-9522\">613-761-9522<\/a><\/strong>.<\/p>\n<\/div><\/div>\n\n\n\n<div class=\"wp-block-pb-accordion-item c-accordion__item js-accordion-item no-js\" data-initially-open=\"false\" data-click-to-close=\"true\" data-auto-close=\"true\" data-scroll=\"false\" data-scroll-offset=\"0\"><h2 id=\"at-112754\" class=\"c-accordion__title js-accordion-controller\" role=\"button\">Animateurs d&rsquo;ateliers sur le handicap en milieu de travail<\/h2><div id=\"ac-112754\" class=\"c-accordion__content\">\n<p>Nous avons des occasions de parler pour les professionnels du droit (y compris les avocats, les parajuristes et les m\u00e9diateurs) ayant une expertise en mati\u00e8re d&rsquo;invalidit\u00e9 en milieu de travail.<\/p>\n\n\n\n<p>En faisant du b\u00e9n\u00e9volat avec le programme \u00e9ducatif de Reach, vous aurez l&rsquo;occasion de fournir des informations opportunes et indispensables sur le droit et le handicap en fonction de votre domaine d&rsquo;expertise. Les programmes \u00e9ducatifs de Reach sont pr\u00e9sent\u00e9s virtuellement ou en personne \u00e0 un large public, y compris les personnes handicap\u00e9es et les membres de leur famille, les soignants, les travailleurs de premi\u00e8re ligne, les professionnels du droit, les \u00e9tudiants et les groupes gouvernementaux ou corporatifs.<\/p>\n\n\n\n<p>Une fois que l&rsquo;\u00e9quipe d&rsquo;\u00e9tudiants en droit b\u00e9n\u00e9voles de Reach a d\u00e9termin\u00e9 qu&rsquo;une r\u00e9f\u00e9rence \u00e0 un professionnel du droit figurant sur notre liste est la meilleure ligne de conduite pour un client, nous prenons des mesures pour nous assurer que la r\u00e9f\u00e9rence est bien adapt\u00e9e \u00e0 votre domaine d&rsquo;expertise. Un r\u00e9sum\u00e9 de la question est fourni pour votre examen. Si vous avez la capacit\u00e9 d&rsquo;accepter la recommandation, Reach enverra vos informations au client et lui demandera de vous contacter directement. Si vous \u00eates int\u00e9ress\u00e9, veuillez nous contacter par e-mail \u00e0\u00a0<strong><a href=\"mailto:volunteer@Able2.org\">volunteer@Able2.org<\/a><\/strong> ou par t\u00e9l\u00e9phone au <strong><a href=\"tel:613-761- 9522\">613-761- 9522<\/a><\/strong>.<\/p>\n<\/div><\/div>\n\n\n\n<div class=\"wp-block-pb-accordion-item c-accordion__item js-accordion-item no-js\" data-initially-open=\"false\" data-click-to-close=\"true\" data-auto-close=\"true\" data-scroll=\"false\" data-scroll-offset=\"0\"><h2 id=\"at-112755\" class=\"c-accordion__title js-accordion-controller\" role=\"button\">Volontaires juridiques \u00e9tudiants<\/h2><div id=\"ac-112755\" class=\"c-accordion__content\">\n<p>L&rsquo;\u00e9quipe d&rsquo;\u00e9tudiants b\u00e9n\u00e9voles en droit de Reach g\u00e8re toutes les demandes de recommandation de clients soumises en ligne ou via un appel d&rsquo;admission. Ils d\u00e9terminent qu&rsquo;une r\u00e9f\u00e9rence \u00e0 un professionnel du droit figurant sur notre liste est la meilleure ligne de conduite pour un client. Ils s&rsquo;assurent \u00e9galement que la r\u00e9f\u00e9rence est bien adapt\u00e9e au domaine d&rsquo;expertise du professionnel du droit et fournissent un r\u00e9sum\u00e9 de l&rsquo;affaire. Ils travaillent \u00e9galement avec les professionnels du droit pour s&rsquo;assurer qu&rsquo;ils ont la capacit\u00e9 d&rsquo;accepter le renvoi, puis demandent au client de se connecter directement avec le professionnel du droit.<\/p>\n\n\n\n<p>Si vous \u00eates int\u00e9ress\u00e9, veuillez nous contacter par e-mail \u00e0\u00a0<strong><a href=\"mailto:volunteer@Able2.org\">volunteer@Able2.org<\/a><\/strong>\u00a0ou par t\u00e9l\u00e9phone au <strong><a href=\"tel:613-761-9522\">613-761-9522<\/a><\/strong>.<\/p>\n<\/div><\/div>\n\n\n\n<div style=\"height:20px\" aria-hidden=\"true\" class=\"wp-block-spacer\"><\/div>\n\n\n    <section class=\"container sm:flex\">\n                                <article class=\"card sm:w-1\/3\">\n                <a href=\"https:\/\/www.able2.org\/fr\/faites-un-don\/\" class=\"block h-full\">\n                    <h2 class=\"card__title\">Ayez un impact durable en devenant un donateur mensuel \u2063\u2063<\/h2>\n                    <div class=\"card__img-container\">\n                        <img decoding=\"async\" src=\"https:\/\/www.able2.org\/wp-content\/uploads\/2024\/04\/2About-OurHistory-Bucket-MonthlyDonor-300x174.png\" srcset=\"https:\/\/www.able2.org\/wp-content\/uploads\/2024\/04\/2About-OurHistory-Bucket-MonthlyDonor-300x174.png 300w, https:\/\/www.able2.org\/wp-content\/uploads\/2024\/04\/2About-OurHistory-Bucket-MonthlyDonor-1024x594.png 1024w, https:\/\/www.able2.org\/wp-content\/uploads\/2024\/04\/2About-OurHistory-Bucket-MonthlyDonor-768x446.png 768w, https:\/\/www.able2.org\/wp-content\/uploads\/2024\/04\/2About-OurHistory-Bucket-MonthlyDonor.png 1329w\" sizes=\"(max-width: 640px) 100vw, 640px\" alt=\"\" class=\"card__img\">\n                    <\/div>\n                    <p class=\"card__text\">Votre don aide les personnes\u00a0 vivant avec un handicap \u00e0 acqu\u00e9rir de nouvelles<\/p>\n                <\/a>\n            <\/article>\n                                            <article class=\"card card--yellow sm:w-1\/3\">\n                <a href=\"https:\/\/www.able2.org\/fr\/nos-histoires\/\" class=\"block h-full\">\n                    <h2 class=\"card__title\">Apprenez en plus sur comment votre contribution permet de changer des vies<\/h2>\n                    <div class=\"card__img-container\">\n                        <img decoding=\"async\" src=\"https:\/\/www.able2.org\/wp-content\/uploads\/2024\/04\/1About-Bucket-History-300x174.png\" srcset=\"https:\/\/www.able2.org\/wp-content\/uploads\/2024\/04\/1About-Bucket-History-300x174.png 300w, https:\/\/www.able2.org\/wp-content\/uploads\/2024\/04\/1About-Bucket-History-1024x594.png 1024w, https:\/\/www.able2.org\/wp-content\/uploads\/2024\/04\/1About-Bucket-History-768x446.png 768w, https:\/\/www.able2.org\/wp-content\/uploads\/2024\/04\/1About-Bucket-History.png 1329w\" sizes=\"(max-width: 640px) 100vw, 640px\" alt=\"\" class=\"card__img\">\n                    <\/div>\n                    <p class=\"card__text\">Apprenez-en plus sur les histoires des utilisateurs de\u00a0 programmes, des b\u00e9n\u00e9voles et des d\u00e9fenseurs du milieu\u00a0communautaire.<\/p>\n                <\/a>\n            <\/article>\n                                            <article class=\"card sm:w-1\/3\">\n                <a href=\"https:\/\/www.able2.org\/fr\/benevole\/\" class=\"block h-full\">\n                    <h2 class=\"card__title\">B\u00e9n\u00e9vole\u2063<\/h2>\n                    <div class=\"card__img-container\">\n                        <img decoding=\"async\" src=\"https:\/\/www.able2.org\/wp-content\/uploads\/2024\/05\/DonateBucket-May2024-300x174.jpg\" srcset=\"https:\/\/www.able2.org\/wp-content\/uploads\/2024\/05\/DonateBucket-May2024-300x174.jpg 300w, https:\/\/www.able2.org\/wp-content\/uploads\/2024\/05\/DonateBucket-May2024-1024x594.jpg 1024w, https:\/\/www.able2.org\/wp-content\/uploads\/2024\/05\/DonateBucket-May2024-768x446.jpg 768w, https:\/\/www.able2.org\/wp-content\/uploads\/2024\/05\/DonateBucket-May2024.jpg 1329w\" sizes=\"(max-width: 640px) 100vw, 640px\" alt=\"\" class=\"card__img\">\n                    <\/div>\n                    <p class=\"card__text\">Lorsque vous faites du\u00a0b\u00e9n\u00e9volat, vous contribuez \u00e0\u00a0r\u00e9duire la solitude et\u00a0l\u2019isolement social v\u00e9cus par\u00a0de nombreuses personnes<\/p>\n                <\/a>\n            <\/article>\n                        <\/section>\n","protected":false},"excerpt":{"rendered":"","protected":false},"author":3,"featured_media":0,"parent":301,"menu_order":0,"comment_status":"closed","ping_status":"closed","template":"page-templates\/page-no_sidebar.php","meta":{"_acf_changed":false,"footnotes":""},"acf":[],"yoast_head":"<!-- This site is optimized with the Yoast SEO plugin v22.8 - https:\/\/yoast.com\/wordpress\/plugins\/seo\/ -->\n<title>Opportunit\u00e9s de b\u00e9n\u00e9volat actuelles | ABLE2<\/title>\n<meta name=\"robots\" content=\"index, follow, max-snippet:-1, max-image-preview:large, max-video-preview:-1\" \/>\n<link rel=\"canonical\" href=\"https:\/\/www.able2.org\/fr\/programme-de-jumelage-de-benevoles\/opportunites-de-benevolat-actuelles\/\" \/>\n<meta property=\"og:locale\" content=\"fr_FR\" \/>\n<meta property=\"og:type\" content=\"article\" \/>\n<meta property=\"og:title\" content=\"Opportunit\u00e9s de b\u00e9n\u00e9volat actuelles | ABLE2\" \/>\n<meta property=\"og:url\" content=\"https:\/\/www.able2.org\/fr\/programme-de-jumelage-de-benevoles\/opportunites-de-benevolat-actuelles\/\" \/>\n<meta property=\"og:site_name\" content=\"ABLE2\" \/>\n<meta property=\"article:modified_time\" content=\"2024-06-04T17:37:55+00:00\" \/>\n<meta property=\"og:image\" content=\"https:\/\/www.able2.org\/wp-content\/uploads\/2021\/10\/Friendly-Callers-Needed-Instagram-1-1-1024x1024.png\" \/>\n<meta name=\"twitter:card\" content=\"summary_large_image\" \/>\n<meta name=\"twitter:label1\" content=\"Dur\u00e9e de lecture estim\u00e9e\" \/>\n\t<meta name=\"twitter:data1\" content=\"4 minutes\" \/>\n<script type=\"application\/ld+json\" class=\"yoast-schema-graph\">{\"@context\":\"https:\/\/schema.org\",\"@graph\":[{\"@type\":\"WebPage\",\"@id\":\"https:\/\/www.able2.org\/fr\/programme-de-jumelage-de-benevoles\/opportunites-de-benevolat-actuelles\/\",\"url\":\"https:\/\/www.able2.org\/fr\/programme-de-jumelage-de-benevoles\/opportunites-de-benevolat-actuelles\/\",\"name\":\"Opportunit\u00e9s de b\u00e9n\u00e9volat actuelles | ABLE2\",\"isPartOf\":{\"@id\":\"https:\/\/www.able2.org\/#website\"},\"primaryImageOfPage\":{\"@id\":\"https:\/\/www.able2.org\/fr\/programme-de-jumelage-de-benevoles\/opportunites-de-benevolat-actuelles\/#primaryimage\"},\"image\":{\"@id\":\"https:\/\/www.able2.org\/fr\/programme-de-jumelage-de-benevoles\/opportunites-de-benevolat-actuelles\/#primaryimage\"},\"thumbnailUrl\":\"https:\/\/www.able2.org\/wp-content\/uploads\/2021\/10\/Friendly-Callers-Needed-Instagram-1-1-1024x1024.png\",\"datePublished\":\"2023-04-21T17:05:40+00:00\",\"dateModified\":\"2024-06-04T17:37:55+00:00\",\"breadcrumb\":{\"@id\":\"https:\/\/www.able2.org\/fr\/programme-de-jumelage-de-benevoles\/opportunites-de-benevolat-actuelles\/#breadcrumb\"},\"inLanguage\":\"fr-FR\",\"potentialAction\":[{\"@type\":\"ReadAction\",\"target\":[\"https:\/\/www.able2.org\/fr\/programme-de-jumelage-de-benevoles\/opportunites-de-benevolat-actuelles\/\"]}]},{\"@type\":\"ImageObject\",\"inLanguage\":\"fr-FR\",\"@id\":\"https:\/\/www.able2.org\/fr\/programme-de-jumelage-de-benevoles\/opportunites-de-benevolat-actuelles\/#primaryimage\",\"url\":\"https:\/\/www.able2.org\/wp-content\/uploads\/2021\/10\/Friendly-Callers-Needed-Instagram-1-1-1024x1024.png\",\"contentUrl\":\"https:\/\/www.able2.org\/wp-content\/uploads\/2021\/10\/Friendly-Callers-Needed-Instagram-1-1-1024x1024.png\"},{\"@type\":\"BreadcrumbList\",\"@id\":\"https:\/\/www.able2.org\/fr\/programme-de-jumelage-de-benevoles\/opportunites-de-benevolat-actuelles\/#breadcrumb\",\"itemListElement\":[{\"@type\":\"ListItem\",\"position\":1,\"name\":\"Home\",\"item\":\"https:\/\/www.able2.org\/fr\/accueil\/\"},{\"@type\":\"ListItem\",\"position\":2,\"name\":\"Faire du b\u00e9n\u00e9volat avec le programme de jumelage\",\"item\":\"https:\/\/www.able2.org\/fr\/programme-de-jumelage-de-benevoles\/\"},{\"@type\":\"ListItem\",\"position\":3,\"name\":\"Opportunit\u00e9s de b\u00e9n\u00e9volat actuelles\"}]},{\"@type\":\"WebSite\",\"@id\":\"https:\/\/www.able2.org\/#website\",\"url\":\"https:\/\/www.able2.org\/\",\"name\":\"ABLE2\",\"description\":\"\",\"publisher\":{\"@id\":\"https:\/\/www.able2.org\/#organization\"},\"potentialAction\":[{\"@type\":\"SearchAction\",\"target\":{\"@type\":\"EntryPoint\",\"urlTemplate\":\"https:\/\/www.able2.org\/?s={search_term_string}\"},\"query-input\":\"required name=search_term_string\"}],\"inLanguage\":\"fr-FR\"},{\"@type\":\"Organization\",\"@id\":\"https:\/\/www.able2.org\/#organization\",\"name\":\"ABLE2\",\"url\":\"https:\/\/www.able2.org\/\",\"logo\":{\"@type\":\"ImageObject\",\"inLanguage\":\"fr-FR\",\"@id\":\"https:\/\/www.able2.org\/#\/schema\/logo\/image\/\",\"url\":\"https:\/\/www.able2.org\/wp-content\/uploads\/2020\/05\/logo.png\",\"contentUrl\":\"https:\/\/www.able2.org\/wp-content\/uploads\/2020\/05\/logo.png\",\"width\":528,\"height\":137,\"caption\":\"ABLE2\"},\"image\":{\"@id\":\"https:\/\/www.able2.org\/#\/schema\/logo\/image\/\"}}]}<\/script>\n<!-- \/ Yoast SEO plugin. -->","yoast_head_json":{"title":"Opportunit\u00e9s de b\u00e9n\u00e9volat actuelles | ABLE2","robots":{"index":"index","follow":"follow","max-snippet":"max-snippet:-1","max-image-preview":"max-image-preview:large","max-video-preview":"max-video-preview:-1"},"canonical":"https:\/\/www.able2.org\/fr\/programme-de-jumelage-de-benevoles\/opportunites-de-benevolat-actuelles\/","og_locale":"fr_FR","og_type":"article","og_title":"Opportunit\u00e9s de b\u00e9n\u00e9volat actuelles | ABLE2","og_url":"https:\/\/www.able2.org\/fr\/programme-de-jumelage-de-benevoles\/opportunites-de-benevolat-actuelles\/","og_site_name":"ABLE2","article_modified_time":"2024-06-04T17:37:55+00:00","og_image":[{"url":"https:\/\/www.able2.org\/wp-content\/uploads\/2021\/10\/Friendly-Callers-Needed-Instagram-1-1-1024x1024.png"}],"twitter_card":"summary_large_image","twitter_misc":{"Dur\u00e9e de lecture estim\u00e9e":"4 minutes"},"schema":{"@context":"https:\/\/schema.org","@graph":[{"@type":"WebPage","@id":"https:\/\/www.able2.org\/fr\/programme-de-jumelage-de-benevoles\/opportunites-de-benevolat-actuelles\/","url":"https:\/\/www.able2.org\/fr\/programme-de-jumelage-de-benevoles\/opportunites-de-benevolat-actuelles\/","name":"Opportunit\u00e9s de b\u00e9n\u00e9volat actuelles | ABLE2","isPartOf":{"@id":"https:\/\/www.able2.org\/#website"},"primaryImageOfPage":{"@id":"https:\/\/www.able2.org\/fr\/programme-de-jumelage-de-benevoles\/opportunites-de-benevolat-actuelles\/#primaryimage"},"image":{"@id":"https:\/\/www.able2.org\/fr\/programme-de-jumelage-de-benevoles\/opportunites-de-benevolat-actuelles\/#primaryimage"},"thumbnailUrl":"https:\/\/www.able2.org\/wp-content\/uploads\/2021\/10\/Friendly-Callers-Needed-Instagram-1-1-1024x1024.png","datePublished":"2023-04-21T17:05:40+00:00","dateModified":"2024-06-04T17:37:55+00:00","breadcrumb":{"@id":"https:\/\/www.able2.org\/fr\/programme-de-jumelage-de-benevoles\/opportunites-de-benevolat-actuelles\/#breadcrumb"},"inLanguage":"fr-FR","potentialAction":[{"@type":"ReadAction","target":["https:\/\/www.able2.org\/fr\/programme-de-jumelage-de-benevoles\/opportunites-de-benevolat-actuelles\/"]}]},{"@type":"ImageObject","inLanguage":"fr-FR","@id":"https:\/\/www.able2.org\/fr\/programme-de-jumelage-de-benevoles\/opportunites-de-benevolat-actuelles\/#primaryimage","url":"https:\/\/www.able2.org\/wp-content\/uploads\/2021\/10\/Friendly-Callers-Needed-Instagram-1-1-1024x1024.png","contentUrl":"https:\/\/www.able2.org\/wp-content\/uploads\/2021\/10\/Friendly-Callers-Needed-Instagram-1-1-1024x1024.png"},{"@type":"BreadcrumbList","@id":"https:\/\/www.able2.org\/fr\/programme-de-jumelage-de-benevoles\/opportunites-de-benevolat-actuelles\/#breadcrumb","itemListElement":[{"@type":"ListItem","position":1,"name":"Home","item":"https:\/\/www.able2.org\/fr\/accueil\/"},{"@type":"ListItem","position":2,"name":"Faire du b\u00e9n\u00e9volat avec le programme de jumelage","item":"https:\/\/www.able2.org\/fr\/programme-de-jumelage-de-benevoles\/"},{"@type":"ListItem","position":3,"name":"Opportunit\u00e9s de b\u00e9n\u00e9volat actuelles"}]},{"@type":"WebSite","@id":"https:\/\/www.able2.org\/#website","url":"https:\/\/www.able2.org\/","name":"ABLE2","description":"","publisher":{"@id":"https:\/\/www.able2.org\/#organization"},"potentialAction":[{"@type":"SearchAction","target":{"@type":"EntryPoint","urlTemplate":"https:\/\/www.able2.org\/?s={search_term_string}"},"query-input":"required name=search_term_string"}],"inLanguage":"fr-FR"},{"@type":"Organization","@id":"https:\/\/www.able2.org\/#organization","name":"ABLE2","url":"https:\/\/www.able2.org\/","logo":{"@type":"ImageObject","inLanguage":"fr-FR","@id":"https:\/\/www.able2.org\/#\/schema\/logo\/image\/","url":"https:\/\/www.able2.org\/wp-content\/uploads\/2020\/05\/logo.png","contentUrl":"https:\/\/www.able2.org\/wp-content\/uploads\/2020\/05\/logo.png","width":528,"height":137,"caption":"ABLE2"},"image":{"@id":"https:\/\/www.able2.org\/#\/schema\/logo\/image\/"}}]}},"_links":{"self":[{"href":"https:\/\/www.able2.org\/fr\/wp-json\/wp\/v2\/pages\/11275"}],"collection":[{"href":"https:\/\/www.able2.org\/fr\/wp-json\/wp\/v2\/pages"}],"about":[{"href":"https:\/\/www.able2.org\/fr\/wp-json\/wp\/v2\/types\/page"}],"author":[{"embeddable":true,"href":"https:\/\/www.able2.org\/fr\/wp-json\/wp\/v2\/users\/3"}],"replies":[{"embeddable":true,"href":"https:\/\/www.able2.org\/fr\/wp-json\/wp\/v2\/comments?post=11275"}],"version-history":[{"count":6,"href":"https:\/\/www.able2.org\/fr\/wp-json\/wp\/v2\/pages\/11275\/revisions"}],"predecessor-version":[{"id":17976,"href":"https:\/\/www.able2.org\/fr\/wp-json\/wp\/v2\/pages\/11275\/revisions\/17976"}],"up":[{"embeddable":true,"href":"https:\/\/www.able2.org\/fr\/wp-json\/wp\/v2\/pages\/301"}],"wp:attachment":[{"href":"https:\/\/www.able2.org\/fr\/wp-json\/wp\/v2\/media?parent=11275"}],"curies":[{"name":"wp","href":"https:\/\/api.w.org\/{rel}","templated":true}]}}