{"id":24593,"date":"2026-08-25T12:10:33","date_gmt":"2026-08-25T16:10:33","guid":{"rendered":"https:\/\/www.able2.org\/?post_type=events&#038;p=24593"},"modified":"2026-08-25T12:10:33","modified_gmt":"2026-08-25T16:10:33","slug":"diner-et-danse-des-fetes-2026-dable2","status":"publish","type":"events","link":"https:\/\/www.able2.org\/fr\/evenements\/diner-et-danse-des-fetes-2026-dable2\/","title":{"rendered":"D\u00eener et danse des f\u00eates 2026 d&rsquo;ABLE2"},"content":{"rendered":"\n<div style=\"height:30px\" aria-hidden=\"true\" class=\"wp-block-spacer\"><\/div>\n\n\n\n<h3 class=\"wp-block-heading\"><strong>Le d\u00eener-dansant des f\u00eates d&rsquo;ABLE2 aura lieu le 6 d\u00e9cembre au Hellenic Event Centre !<\/strong><\/h3>\n\n\n\n<div style=\"height:20px\" aria-hidden=\"true\" class=\"wp-block-spacer\"><\/div>\n\n\n\n<p>Rejoignez-nous pour une soir\u00e9e festive en musique, autour d&rsquo;un d\u00e9licieux repas et dans l&rsquo;esprit des f\u00eates\u00a0! Plus d&rsquo;informations prochainement. Les inscriptions ouvrent en octobre.<\/p>\n\n\n\n<div style=\"height:20px\" aria-hidden=\"true\" class=\"wp-block-spacer\"><\/div>\n\n\n\n<p><strong>Jour et date :<\/strong> dimanche 6 d\u00e9cembre 2026<\/p>\n\n\n\n<p><\/p>\n\n\n\n<p><strong>Lieu : <a href=\"https:\/\/maps.app.goo.gl\/r6N19UagNRzc3g4L8\" target=\"_blank\" rel=\"noreferrer noopener\">Centre d&rsquo;\u00e9v\u00e9nements hell\u00e9nique, 1315, promenade Prince of Wales, Ottawa (Ontario) K2C 1N2<\/a><\/strong><\/p>\n\n\n\n<div style=\"height:20px\" aria-hidden=\"true\" class=\"wp-block-spacer\"><\/div>\n\n\n\n<p><strong>Stationnement et transport&nbsp;:<\/strong><\/p>\n\n\n\n<figure class=\"wp-block-image size-large\"><a href=\"https:\/\/www.google.ca\/maps\/place\/Hellenic+Event+Centre\/@45.3715832,-75.7076887,17z\/data=!4m6!3m5!1s0x4cce066edb500001:0xdbe7a2d0ce046875!8m2!3d45.3716117!4d-75.7050112!16s%2Fg%2F11sk2ws3gp?entry=ttu&amp;g_ep=EgoyMDI0MTAwMi4xIKXMDSoASAFQAw%3D%3D\"><img loading=\"lazy\" decoding=\"async\" width=\"1024\" height=\"577\" src=\"https:\/\/www.able2.org\/wp-content\/uploads\/2024\/10\/Hellenic-Centre-Map-min-1024x577.png\" alt=\"\" class=\"wp-image-19319\" srcset=\"https:\/\/www.able2.org\/wp-content\/uploads\/2024\/10\/Hellenic-Centre-Map-min-1024x577.png 1024w, https:\/\/www.able2.org\/wp-content\/uploads\/2024\/10\/Hellenic-Centre-Map-min-300x169.png 300w, https:\/\/www.able2.org\/wp-content\/uploads\/2024\/10\/Hellenic-Centre-Map-min-768x433.png 768w, https:\/\/www.able2.org\/wp-content\/uploads\/2024\/10\/Hellenic-Centre-Map-min-1536x866.png 1536w, https:\/\/www.able2.org\/wp-content\/uploads\/2024\/10\/Hellenic-Centre-Map-min-2048x1154.png 2048w\" sizes=\"(max-width: 1024px) 100vw, 1024px\" \/><\/a><\/figure>\n\n\n\n<ul>\n<li><strong>Stationnement gratuit&nbsp;:<\/strong> Centre hell\u00e9nique, 1315, promenade Prince of Wales, Ottawa (Ontario) K2C 1N2<\/li>\n\n\n\n<li><strong>Para Transpo&nbsp;:<\/strong> D\u00e9pose devant le Centre hell\u00e9nique, 1315, promenade Prince of Wales (voir la carte ci-dessous). <strong>Veuillez r\u00e9server votre place avant 21&nbsp;h&nbsp;30, car le centre sera ferm\u00e9.<\/strong><\/li>\n\n\n\n<li><strong>OC Transpo&nbsp;:<\/strong> L\u2019autobus de la ligne&nbsp;111 s\u2019arr\u00eate pr\u00e8s du Centre hell\u00e9nique, 1315, promenade Prince of Wales (voir la carte ci-dessous).<\/li>\n<\/ul>\n\n\n\n<div style=\"height:20px\" aria-hidden=\"true\" class=\"wp-block-spacer\"><\/div>\n\n\n\n<p>Pour plus d&rsquo;informations ou pour toute question, veuillez nous contacter \u00e0 <a href=\"mailto:events@able2.org\"><strong>events@able2.org<\/strong><\/a>.<\/p>\n\n\n\n<div style=\"height:25px\" aria-hidden=\"true\" class=\"wp-block-spacer\"><\/div>\n","protected":false},"featured_media":24587,"template":"","meta":{"_acf_changed":false,"footnotes":""},"categories":[],"tags":[],"acf":[],"yoast_head":"<!-- This site is optimized with the Yoast SEO plugin v22.8 - https:\/\/yoast.com\/wordpress\/plugins\/seo\/ -->\n<title>D\u00eener et danse des f\u00eates 2026 d&#039;ABLE2 | ABLE2<\/title>\n<meta name=\"robots\" content=\"index, follow, max-snippet:-1, max-image-preview:large, max-video-preview:-1\" \/>\n<link rel=\"canonical\" href=\"https:\/\/www.able2.org\/fr\/evenements\/diner-et-danse-des-fetes-2026-dable2\/\" \/>\n<meta property=\"og:locale\" content=\"fr_FR\" \/>\n<meta property=\"og:type\" content=\"article\" \/>\n<meta property=\"og:title\" content=\"D\u00eener et danse des f\u00eates 2026 d&#039;ABLE2 | ABLE2\" \/>\n<meta property=\"og:description\" content=\"Le d\u00eener-dansant des f\u00eates d&rsquo;ABLE2 aura lieu le 6 d\u00e9cembre au Hellenic Event Centre ! Rejoignez-nous pour une soir\u00e9e festive en musique, autour d&rsquo;un d\u00e9licieux repas et dans l&rsquo;esprit des f\u00eates\u00a0! Plus d&rsquo;informations prochainement. Les inscriptions ouvrent en octobre. Jour et date : dimanche 6 d\u00e9cembre 2026 Lieu : Centre d&rsquo;\u00e9v\u00e9nements hell\u00e9nique, 1315, promenade Prince [&hellip;]\" \/>\n<meta property=\"og:url\" content=\"https:\/\/www.able2.org\/fr\/evenements\/diner-et-danse-des-fetes-2026-dable2\/\" \/>\n<meta property=\"og:site_name\" content=\"ABLE2\" \/>\n<meta property=\"og:image\" content=\"https:\/\/www.able2.org\/wp-content\/uploads\/2026\/08\/2026-HDD-Save-the-Date.png\" \/>\n\t<meta property=\"og:image:width\" content=\"1920\" \/>\n\t<meta property=\"og:image:height\" content=\"1080\" \/>\n\t<meta property=\"og:image:type\" content=\"image\/png\" \/>\n<meta name=\"twitter:card\" content=\"summary_large_image\" \/>\n<meta name=\"twitter:label1\" content=\"Dur\u00e9e de lecture estim\u00e9e\" \/>\n\t<meta name=\"twitter:data1\" content=\"1 minute\" \/>\n<script type=\"application\/ld+json\" class=\"yoast-schema-graph\">{\"@context\":\"https:\/\/schema.org\",\"@graph\":[{\"@type\":\"WebPage\",\"@id\":\"https:\/\/www.able2.org\/fr\/evenements\/diner-et-danse-des-fetes-2026-dable2\/\",\"url\":\"https:\/\/www.able2.org\/fr\/evenements\/diner-et-danse-des-fetes-2026-dable2\/\",\"name\":\"D\u00eener et danse des f\u00eates 2026 d'ABLE2 | ABLE2\",\"isPartOf\":{\"@id\":\"https:\/\/www.able2.org\/#website\"},\"primaryImageOfPage\":{\"@id\":\"https:\/\/www.able2.org\/fr\/evenements\/diner-et-danse-des-fetes-2026-dable2\/#primaryimage\"},\"image\":{\"@id\":\"https:\/\/www.able2.org\/fr\/evenements\/diner-et-danse-des-fetes-2026-dable2\/#primaryimage\"},\"thumbnailUrl\":\"https:\/\/www.able2.org\/wp-content\/uploads\/2026\/08\/2026-HDD-Save-the-Date.png\",\"datePublished\":\"2026-08-25T16:10:33+00:00\",\"dateModified\":\"2026-08-25T16:10:33+00:00\",\"breadcrumb\":{\"@id\":\"https:\/\/www.able2.org\/fr\/evenements\/diner-et-danse-des-fetes-2026-dable2\/#breadcrumb\"},\"inLanguage\":\"fr-FR\",\"potentialAction\":[{\"@type\":\"ReadAction\",\"target\":[\"https:\/\/www.able2.org\/fr\/evenements\/diner-et-danse-des-fetes-2026-dable2\/\"]}]},{\"@type\":\"ImageObject\",\"inLanguage\":\"fr-FR\",\"@id\":\"https:\/\/www.able2.org\/fr\/evenements\/diner-et-danse-des-fetes-2026-dable2\/#primaryimage\",\"url\":\"https:\/\/www.able2.org\/wp-content\/uploads\/2026\/08\/2026-HDD-Save-the-Date.png\",\"contentUrl\":\"https:\/\/www.able2.org\/wp-content\/uploads\/2026\/08\/2026-HDD-Save-the-Date.png\",\"width\":1920,\"height\":1080},{\"@type\":\"BreadcrumbList\",\"@id\":\"https:\/\/www.able2.org\/fr\/evenements\/diner-et-danse-des-fetes-2026-dable2\/#breadcrumb\",\"itemListElement\":[{\"@type\":\"ListItem\",\"position\":1,\"name\":\"Home\",\"item\":\"https:\/\/www.able2.org\/fr\/accueil\/\"},{\"@type\":\"ListItem\",\"position\":2,\"name\":\"Events\",\"item\":\"https:\/\/www.able2.org\/events\/\"},{\"@type\":\"ListItem\",\"position\":3,\"name\":\"D\u00eener et danse des f\u00eates 2026 d&#8217;ABLE2\"}]},{\"@type\":\"WebSite\",\"@id\":\"https:\/\/www.able2.org\/#website\",\"url\":\"https:\/\/www.able2.org\/\",\"name\":\"ABLE2\",\"description\":\"\",\"publisher\":{\"@id\":\"https:\/\/www.able2.org\/#organization\"},\"potentialAction\":[{\"@type\":\"SearchAction\",\"target\":{\"@type\":\"EntryPoint\",\"urlTemplate\":\"https:\/\/www.able2.org\/?s={search_term_string}\"},\"query-input\":\"required name=search_term_string\"}],\"inLanguage\":\"fr-FR\"},{\"@type\":\"Organization\",\"@id\":\"https:\/\/www.able2.org\/#organization\",\"name\":\"ABLE2\",\"url\":\"https:\/\/www.able2.org\/\",\"logo\":{\"@type\":\"ImageObject\",\"inLanguage\":\"fr-FR\",\"@id\":\"https:\/\/www.able2.org\/#\/schema\/logo\/image\/\",\"url\":\"https:\/\/www.able2.org\/wp-content\/uploads\/2020\/05\/logo.png\",\"contentUrl\":\"https:\/\/www.able2.org\/wp-content\/uploads\/2020\/05\/logo.png\",\"width\":528,\"height\":137,\"caption\":\"ABLE2\"},\"image\":{\"@id\":\"https:\/\/www.able2.org\/#\/schema\/logo\/image\/\"}}]}<\/script>\n<!-- \/ Yoast SEO plugin. -->","yoast_head_json":{"title":"D\u00eener et danse des f\u00eates 2026 d'ABLE2 | ABLE2","robots":{"index":"index","follow":"follow","max-snippet":"max-snippet:-1","max-image-preview":"max-image-preview:large","max-video-preview":"max-video-preview:-1"},"canonical":"https:\/\/www.able2.org\/fr\/evenements\/diner-et-danse-des-fetes-2026-dable2\/","og_locale":"fr_FR","og_type":"article","og_title":"D\u00eener et danse des f\u00eates 2026 d'ABLE2 | ABLE2","og_description":"Le d\u00eener-dansant des f\u00eates d&rsquo;ABLE2 aura lieu le 6 d\u00e9cembre au Hellenic Event Centre ! Rejoignez-nous pour une soir\u00e9e festive en musique, autour d&rsquo;un d\u00e9licieux repas et dans l&rsquo;esprit des f\u00eates\u00a0! Plus d&rsquo;informations prochainement. Les inscriptions ouvrent en octobre. Jour et date : dimanche 6 d\u00e9cembre 2026 Lieu : Centre d&rsquo;\u00e9v\u00e9nements hell\u00e9nique, 1315, promenade Prince [&hellip;]","og_url":"https:\/\/www.able2.org\/fr\/evenements\/diner-et-danse-des-fetes-2026-dable2\/","og_site_name":"ABLE2","og_image":[{"width":1920,"height":1080,"url":"https:\/\/www.able2.org\/wp-content\/uploads\/2026\/08\/2026-HDD-Save-the-Date.png","type":"image\/png"}],"twitter_card":"summary_large_image","twitter_misc":{"Dur\u00e9e de lecture estim\u00e9e":"1 minute"},"schema":{"@context":"https:\/\/schema.org","@graph":[{"@type":"WebPage","@id":"https:\/\/www.able2.org\/fr\/evenements\/diner-et-danse-des-fetes-2026-dable2\/","url":"https:\/\/www.able2.org\/fr\/evenements\/diner-et-danse-des-fetes-2026-dable2\/","name":"D\u00eener et danse des f\u00eates 2026 d'ABLE2 | ABLE2","isPartOf":{"@id":"https:\/\/www.able2.org\/#website"},"primaryImageOfPage":{"@id":"https:\/\/www.able2.org\/fr\/evenements\/diner-et-danse-des-fetes-2026-dable2\/#primaryimage"},"image":{"@id":"https:\/\/www.able2.org\/fr\/evenements\/diner-et-danse-des-fetes-2026-dable2\/#primaryimage"},"thumbnailUrl":"https:\/\/www.able2.org\/wp-content\/uploads\/2026\/08\/2026-HDD-Save-the-Date.png","datePublished":"2026-08-25T16:10:33+00:00","dateModified":"2026-08-25T16:10:33+00:00","breadcrumb":{"@id":"https:\/\/www.able2.org\/fr\/evenements\/diner-et-danse-des-fetes-2026-dable2\/#breadcrumb"},"inLanguage":"fr-FR","potentialAction":[{"@type":"ReadAction","target":["https:\/\/www.able2.org\/fr\/evenements\/diner-et-danse-des-fetes-2026-dable2\/"]}]},{"@type":"ImageObject","inLanguage":"fr-FR","@id":"https:\/\/www.able2.org\/fr\/evenements\/diner-et-danse-des-fetes-2026-dable2\/#primaryimage","url":"https:\/\/www.able2.org\/wp-content\/uploads\/2026\/08\/2026-HDD-Save-the-Date.png","contentUrl":"https:\/\/www.able2.org\/wp-content\/uploads\/2026\/08\/2026-HDD-Save-the-Date.png","width":1920,"height":1080},{"@type":"BreadcrumbList","@id":"https:\/\/www.able2.org\/fr\/evenements\/diner-et-danse-des-fetes-2026-dable2\/#breadcrumb","itemListElement":[{"@type":"ListItem","position":1,"name":"Home","item":"https:\/\/www.able2.org\/fr\/accueil\/"},{"@type":"ListItem","position":2,"name":"Events","item":"https:\/\/www.able2.org\/events\/"},{"@type":"ListItem","position":3,"name":"D\u00eener et danse des f\u00eates 2026 d&#8217;ABLE2"}]},{"@type":"WebSite","@id":"https:\/\/www.able2.org\/#website","url":"https:\/\/www.able2.org\/","name":"ABLE2","description":"","publisher":{"@id":"https:\/\/www.able2.org\/#organization"},"potentialAction":[{"@type":"SearchAction","target":{"@type":"EntryPoint","urlTemplate":"https:\/\/www.able2.org\/?s={search_term_string}"},"query-input":"required name=search_term_string"}],"inLanguage":"fr-FR"},{"@type":"Organization","@id":"https:\/\/www.able2.org\/#organization","name":"ABLE2","url":"https:\/\/www.able2.org\/","logo":{"@type":"ImageObject","inLanguage":"fr-FR","@id":"https:\/\/www.able2.org\/#\/schema\/logo\/image\/","url":"https:\/\/www.able2.org\/wp-content\/uploads\/2020\/05\/logo.png","contentUrl":"https:\/\/www.able2.org\/wp-content\/uploads\/2020\/05\/logo.png","width":528,"height":137,"caption":"ABLE2"},"image":{"@id":"https:\/\/www.able2.org\/#\/schema\/logo\/image\/"}}]}},"_links":{"self":[{"href":"https:\/\/www.able2.org\/fr\/wp-json\/wp\/v2\/events\/24593"}],"collection":[{"href":"https:\/\/www.able2.org\/fr\/wp-json\/wp\/v2\/events"}],"about":[{"href":"https:\/\/www.able2.org\/fr\/wp-json\/wp\/v2\/types\/events"}],"version-history":[{"count":3,"href":"https:\/\/www.able2.org\/fr\/wp-json\/wp\/v2\/events\/24593\/revisions"}],"predecessor-version":[{"id":24597,"href":"https:\/\/www.able2.org\/fr\/wp-json\/wp\/v2\/events\/24593\/revisions\/24597"}],"wp:featuredmedia":[{"embeddable":true,"href":"https:\/\/www.able2.org\/fr\/wp-json\/wp\/v2\/media\/24587"}],"wp:attachment":[{"href":"https:\/\/www.able2.org\/fr\/wp-json\/wp\/v2\/media?parent=24593"}],"wp:term":[{"taxonomy":"category","embeddable":true,"href":"https:\/\/www.able2.org\/fr\/wp-json\/wp\/v2\/categories?post=24593"},{"taxonomy":"post_tag","embeddable":true,"href":"https:\/\/www.able2.org\/fr\/wp-json\/wp\/v2\/tags?post=24593"}],"curies":[{"name":"wp","href":"https:\/\/api.w.org\/{rel}","templated":true}]}}