{"id":20904,"date":"2025-03-18T12:36:24","date_gmt":"2025-03-18T16:36:24","guid":{"rendered":"https:\/\/www.able2.org\/events\/able2s-annual-picnic-2025\/"},"modified":"2025-08-07T14:06:59","modified_gmt":"2025-08-07T18:06:59","slug":"pique-nique-annuel-dable2-2025","status":"publish","type":"events","link":"https:\/\/www.able2.org\/fr\/evenements\/pique-nique-annuel-dable2-2025\/","title":{"rendered":"Pique-nique annuel d\u2019ABLE2 2025"},"content":{"rendered":"\n<div style=\"height:50px\" aria-hidden=\"true\" class=\"wp-block-spacer\"><\/div>\n\n\n\n<p class=\"has-medium-font-size\"><strong><em>Les inscriptions sont maintenant closes. Merci pour votre enthousiasme envers notre \u00e9v\u00e9nement !<\/em><\/strong><\/p>\n\n\n\n<p>Joignez-vous \u00e0 nous pour des jeux, de la nourriture, des moments entre amis et du plaisir au soleil le samedi 16&nbsp;ao\u00fbt, de 11&nbsp;h \u00e0 15&nbsp;h, au parc Andrew Haydon&nbsp;!<\/p>\n\n\n\n<p>Inscrivez-vous pour confirmer votre pr\u00e9sence et acheter des bons repas pour de d\u00e9licieux hot-dogs et hamburgers barbecue de style buffet pr\u00e9par\u00e9s par <a href=\"http:\/\/fitzscatering.ca\/\"><strong>Grill Classique BBQ Fumoir de Fitz<\/strong><\/a> (options sans gluten, v\u00e9g\u00e9taliennes et v\u00e9g\u00e9tariennes disponibles). Les billets sont \u00e0 15&nbsp;$\/personne. Places limit\u00e9es&nbsp;; commandez avant le 31&nbsp;juillet.<\/p>\n\n\n\n<p>En plus de notre \u00e9quipe de b\u00e9n\u00e9voles en accessibilit\u00e9, des pr\u00e9pos\u00e9s aux soins personnels de <a href=\"https:\/\/www.whimble.ca\/\"><strong>Whimble<\/strong><\/a> seront sur place pour vous aider avec les soins personnels, l&rsquo;alimentation et autres besoins en mati\u00e8re d&rsquo;accessibilit\u00e9. Stationnement disponible sur place. \u00c0 proximit\u00e9 des transports en commun et accessible par ParaTranspo.<\/p>\n\n\n\n<div style=\"height:50px\" aria-hidden=\"true\" class=\"wp-block-spacer\"><\/div>\n\n\n\n<p><strong>Plan du site&nbsp;:<\/strong><\/p>\n\n\n\n<figure class=\"wp-block-image size-full\"><img loading=\"lazy\" decoding=\"async\" width=\"940\" height=\"484\" src=\"https:\/\/www.able2.org\/wp-content\/uploads\/2025\/05\/ABLE2-Picnic-parking-1.png\" alt=\"\" class=\"wp-image-21210\" srcset=\"https:\/\/www.able2.org\/wp-content\/uploads\/2025\/05\/ABLE2-Picnic-parking-1.png 940w, https:\/\/www.able2.org\/wp-content\/uploads\/2025\/05\/ABLE2-Picnic-parking-1-300x154.png 300w, https:\/\/www.able2.org\/wp-content\/uploads\/2025\/05\/ABLE2-Picnic-parking-1-768x395.png 768w\" sizes=\"(max-width: 940px) 100vw, 940px\" \/><\/figure>\n\n\n\n<div style=\"height:20px\" aria-hidden=\"true\" class=\"wp-block-spacer\"><\/div>\n\n\n\n<p><strong>Autres informations de voyage utiles :<\/strong><\/p>\n\n\n\n<ul>\n<li>Si vous conduisez vers <strong>l&rsquo;ouest<\/strong> sur Carling, tournez \u00e0 droite au feu Andrew Haydon Park, 3127 Carling Ave \u00e0 Holly Acres. Puis tournez imm\u00e9diatement \u00e0 gauche.<\/li>\n\n\n\n<li>Si vous conduisez vers <strong>l&rsquo;est<\/strong> sur Carling, tournez \u00e0 gauche au feu Andrew Haydon Park, 3127 Carling Ave \u00e0 Holly Acres. Puis tournez imm\u00e9diatement \u00e0 gauche.<\/li>\n\n\n\n<li>Si vous conduisez vers le <strong>nord<\/strong> sur Holly Acres, traversez Carling Ave au feu, continuez tout droit dans le parc Andrew Haydon, 3127 Carling Ave. Tournez ensuite imm\u00e9diatement \u00e0 gauche.<\/li>\n\n\n\n<li><strong>ParaTranspo&nbsp;:<\/strong> Un point de d\u00e9barquement et de prise en charge ParaTranspo se trouve au kiosque (grand A sur la carte ci-dessous). Veuillez indiquer \u00e0 ParaTranspo d&rsquo;utiliser l&rsquo;entr\u00e9e Carling et Holly Acres.<\/li>\n<\/ul>\n\n\n\n<div style=\"height:50px\" aria-hidden=\"true\" class=\"wp-block-spacer\"><\/div>\n\n\n\n<p>Veuillez nous envoyer un e-mail \u00e0 <a href=\"mailto:events@able2.org\"><strong>events@able2.org<\/strong><\/a> si vous avez des questions.<\/p>\n\n\n\n<div style=\"height:50px\" aria-hidden=\"true\" class=\"wp-block-spacer\"><\/div>\n\n\n\n<p><strong>Merci \u00e0 notre partenaire :<\/strong><\/p>\n\n\n\n<figure class=\"wp-block-image size-full is-resized\"><a href=\"https:\/\/sequencemarketing.ca\/fr\/\"><img loading=\"lazy\" decoding=\"async\" width=\"676\" height=\"140\" src=\"https:\/\/www.able2.org\/wp-content\/uploads\/2024\/08\/SequenceMarketing_LOGO_Esign_SequenceMarketing_CMYK_WHITE-05.png\" alt=\"\" class=\"wp-image-19076\" style=\"width:453px;height:auto\" srcset=\"https:\/\/www.able2.org\/wp-content\/uploads\/2024\/08\/SequenceMarketing_LOGO_Esign_SequenceMarketing_CMYK_WHITE-05.png 676w, https:\/\/www.able2.org\/wp-content\/uploads\/2024\/08\/SequenceMarketing_LOGO_Esign_SequenceMarketing_CMYK_WHITE-05-300x62.png 300w\" sizes=\"(max-width: 676px) 100vw, 676px\" \/><\/a><\/figure>\n","protected":false},"featured_media":21206,"template":"","meta":{"_acf_changed":false,"footnotes":""},"categories":[25],"tags":[],"acf":[],"yoast_head":"<!-- This site is optimized with the Yoast SEO plugin v22.8 - https:\/\/yoast.com\/wordpress\/plugins\/seo\/ -->\n<title>Pique-nique annuel d\u2019ABLE2 2025 | ABLE2<\/title>\n<meta name=\"robots\" content=\"index, follow, max-snippet:-1, max-image-preview:large, max-video-preview:-1\" \/>\n<link rel=\"canonical\" href=\"https:\/\/www.able2.org\/fr\/evenements\/pique-nique-annuel-dable2-2025\/\" \/>\n<meta property=\"og:locale\" content=\"fr_FR\" \/>\n<meta property=\"og:type\" content=\"article\" \/>\n<meta property=\"og:title\" content=\"Pique-nique annuel d\u2019ABLE2 2025 | ABLE2\" \/>\n<meta property=\"og:description\" content=\"Les inscriptions sont maintenant closes. Merci pour votre enthousiasme envers notre \u00e9v\u00e9nement ! Joignez-vous \u00e0 nous pour des jeux, de la nourriture, des moments entre amis et du plaisir au soleil le samedi 16&nbsp;ao\u00fbt, de 11&nbsp;h \u00e0 15&nbsp;h, au parc Andrew Haydon&nbsp;! Inscrivez-vous pour confirmer votre pr\u00e9sence et acheter des bons repas pour de d\u00e9licieux [&hellip;]\" \/>\n<meta property=\"og:url\" content=\"https:\/\/www.able2.org\/fr\/evenements\/pique-nique-annuel-dable2-2025\/\" \/>\n<meta property=\"og:site_name\" content=\"ABLE2\" \/>\n<meta property=\"article:modified_time\" content=\"2025-08-07T18:06:59+00:00\" \/>\n<meta property=\"og:image\" content=\"https:\/\/www.able2.org\/wp-content\/uploads\/2025\/03\/2025-AnnualPicnic-WebpageBanner-FR.png\" \/>\n\t<meta property=\"og:image:width\" content=\"1711\" \/>\n\t<meta property=\"og:image:height\" content=\"650\" \/>\n\t<meta property=\"og:image:type\" content=\"image\/png\" \/>\n<meta name=\"twitter:card\" content=\"summary_large_image\" \/>\n<meta name=\"twitter:label1\" content=\"Dur\u00e9e de lecture estim\u00e9e\" \/>\n\t<meta name=\"twitter:data1\" content=\"2 minutes\" \/>\n<script type=\"application\/ld+json\" class=\"yoast-schema-graph\">{\"@context\":\"https:\/\/schema.org\",\"@graph\":[{\"@type\":\"WebPage\",\"@id\":\"https:\/\/www.able2.org\/fr\/evenements\/pique-nique-annuel-dable2-2025\/\",\"url\":\"https:\/\/www.able2.org\/fr\/evenements\/pique-nique-annuel-dable2-2025\/\",\"name\":\"Pique-nique annuel d\u2019ABLE2 2025 | ABLE2\",\"isPartOf\":{\"@id\":\"https:\/\/www.able2.org\/#website\"},\"primaryImageOfPage\":{\"@id\":\"https:\/\/www.able2.org\/fr\/evenements\/pique-nique-annuel-dable2-2025\/#primaryimage\"},\"image\":{\"@id\":\"https:\/\/www.able2.org\/fr\/evenements\/pique-nique-annuel-dable2-2025\/#primaryimage\"},\"thumbnailUrl\":\"https:\/\/www.able2.org\/wp-content\/uploads\/2025\/03\/2025-AnnualPicnic-WebpageBanner-FR.png\",\"datePublished\":\"2025-03-18T16:36:24+00:00\",\"dateModified\":\"2025-08-07T18:06:59+00:00\",\"breadcrumb\":{\"@id\":\"https:\/\/www.able2.org\/fr\/evenements\/pique-nique-annuel-dable2-2025\/#breadcrumb\"},\"inLanguage\":\"fr-FR\",\"potentialAction\":[{\"@type\":\"ReadAction\",\"target\":[\"https:\/\/www.able2.org\/fr\/evenements\/pique-nique-annuel-dable2-2025\/\"]}]},{\"@type\":\"ImageObject\",\"inLanguage\":\"fr-FR\",\"@id\":\"https:\/\/www.able2.org\/fr\/evenements\/pique-nique-annuel-dable2-2025\/#primaryimage\",\"url\":\"https:\/\/www.able2.org\/wp-content\/uploads\/2025\/03\/2025-AnnualPicnic-WebpageBanner-FR.png\",\"contentUrl\":\"https:\/\/www.able2.org\/wp-content\/uploads\/2025\/03\/2025-AnnualPicnic-WebpageBanner-FR.png\",\"width\":1711,\"height\":650},{\"@type\":\"BreadcrumbList\",\"@id\":\"https:\/\/www.able2.org\/fr\/evenements\/pique-nique-annuel-dable2-2025\/#breadcrumb\",\"itemListElement\":[{\"@type\":\"ListItem\",\"position\":1,\"name\":\"Home\",\"item\":\"https:\/\/www.able2.org\/fr\/accueil\/\"},{\"@type\":\"ListItem\",\"position\":2,\"name\":\"Events\",\"item\":\"https:\/\/www.able2.org\/events\/\"},{\"@type\":\"ListItem\",\"position\":3,\"name\":\"Pique-nique annuel d\u2019ABLE2 2025\"}]},{\"@type\":\"WebSite\",\"@id\":\"https:\/\/www.able2.org\/#website\",\"url\":\"https:\/\/www.able2.org\/\",\"name\":\"ABLE2\",\"description\":\"\",\"publisher\":{\"@id\":\"https:\/\/www.able2.org\/#organization\"},\"potentialAction\":[{\"@type\":\"SearchAction\",\"target\":{\"@type\":\"EntryPoint\",\"urlTemplate\":\"https:\/\/www.able2.org\/?s={search_term_string}\"},\"query-input\":\"required name=search_term_string\"}],\"inLanguage\":\"fr-FR\"},{\"@type\":\"Organization\",\"@id\":\"https:\/\/www.able2.org\/#organization\",\"name\":\"ABLE2\",\"url\":\"https:\/\/www.able2.org\/\",\"logo\":{\"@type\":\"ImageObject\",\"inLanguage\":\"fr-FR\",\"@id\":\"https:\/\/www.able2.org\/#\/schema\/logo\/image\/\",\"url\":\"https:\/\/www.able2.org\/wp-content\/uploads\/2020\/05\/logo.png\",\"contentUrl\":\"https:\/\/www.able2.org\/wp-content\/uploads\/2020\/05\/logo.png\",\"width\":528,\"height\":137,\"caption\":\"ABLE2\"},\"image\":{\"@id\":\"https:\/\/www.able2.org\/#\/schema\/logo\/image\/\"}}]}<\/script>\n<!-- \/ Yoast SEO plugin. -->","yoast_head_json":{"title":"Pique-nique annuel d\u2019ABLE2 2025 | ABLE2","robots":{"index":"index","follow":"follow","max-snippet":"max-snippet:-1","max-image-preview":"max-image-preview:large","max-video-preview":"max-video-preview:-1"},"canonical":"https:\/\/www.able2.org\/fr\/evenements\/pique-nique-annuel-dable2-2025\/","og_locale":"fr_FR","og_type":"article","og_title":"Pique-nique annuel d\u2019ABLE2 2025 | ABLE2","og_description":"Les inscriptions sont maintenant closes. Merci pour votre enthousiasme envers notre \u00e9v\u00e9nement ! Joignez-vous \u00e0 nous pour des jeux, de la nourriture, des moments entre amis et du plaisir au soleil le samedi 16&nbsp;ao\u00fbt, de 11&nbsp;h \u00e0 15&nbsp;h, au parc Andrew Haydon&nbsp;! Inscrivez-vous pour confirmer votre pr\u00e9sence et acheter des bons repas pour de d\u00e9licieux [&hellip;]","og_url":"https:\/\/www.able2.org\/fr\/evenements\/pique-nique-annuel-dable2-2025\/","og_site_name":"ABLE2","article_modified_time":"2025-08-07T18:06:59+00:00","og_image":[{"width":1711,"height":650,"url":"https:\/\/www.able2.org\/wp-content\/uploads\/2025\/03\/2025-AnnualPicnic-WebpageBanner-FR.png","type":"image\/png"}],"twitter_card":"summary_large_image","twitter_misc":{"Dur\u00e9e de lecture estim\u00e9e":"2 minutes"},"schema":{"@context":"https:\/\/schema.org","@graph":[{"@type":"WebPage","@id":"https:\/\/www.able2.org\/fr\/evenements\/pique-nique-annuel-dable2-2025\/","url":"https:\/\/www.able2.org\/fr\/evenements\/pique-nique-annuel-dable2-2025\/","name":"Pique-nique annuel d\u2019ABLE2 2025 | ABLE2","isPartOf":{"@id":"https:\/\/www.able2.org\/#website"},"primaryImageOfPage":{"@id":"https:\/\/www.able2.org\/fr\/evenements\/pique-nique-annuel-dable2-2025\/#primaryimage"},"image":{"@id":"https:\/\/www.able2.org\/fr\/evenements\/pique-nique-annuel-dable2-2025\/#primaryimage"},"thumbnailUrl":"https:\/\/www.able2.org\/wp-content\/uploads\/2025\/03\/2025-AnnualPicnic-WebpageBanner-FR.png","datePublished":"2025-03-18T16:36:24+00:00","dateModified":"2025-08-07T18:06:59+00:00","breadcrumb":{"@id":"https:\/\/www.able2.org\/fr\/evenements\/pique-nique-annuel-dable2-2025\/#breadcrumb"},"inLanguage":"fr-FR","potentialAction":[{"@type":"ReadAction","target":["https:\/\/www.able2.org\/fr\/evenements\/pique-nique-annuel-dable2-2025\/"]}]},{"@type":"ImageObject","inLanguage":"fr-FR","@id":"https:\/\/www.able2.org\/fr\/evenements\/pique-nique-annuel-dable2-2025\/#primaryimage","url":"https:\/\/www.able2.org\/wp-content\/uploads\/2025\/03\/2025-AnnualPicnic-WebpageBanner-FR.png","contentUrl":"https:\/\/www.able2.org\/wp-content\/uploads\/2025\/03\/2025-AnnualPicnic-WebpageBanner-FR.png","width":1711,"height":650},{"@type":"BreadcrumbList","@id":"https:\/\/www.able2.org\/fr\/evenements\/pique-nique-annuel-dable2-2025\/#breadcrumb","itemListElement":[{"@type":"ListItem","position":1,"name":"Home","item":"https:\/\/www.able2.org\/fr\/accueil\/"},{"@type":"ListItem","position":2,"name":"Events","item":"https:\/\/www.able2.org\/events\/"},{"@type":"ListItem","position":3,"name":"Pique-nique annuel d\u2019ABLE2 2025"}]},{"@type":"WebSite","@id":"https:\/\/www.able2.org\/#website","url":"https:\/\/www.able2.org\/","name":"ABLE2","description":"","publisher":{"@id":"https:\/\/www.able2.org\/#organization"},"potentialAction":[{"@type":"SearchAction","target":{"@type":"EntryPoint","urlTemplate":"https:\/\/www.able2.org\/?s={search_term_string}"},"query-input":"required name=search_term_string"}],"inLanguage":"fr-FR"},{"@type":"Organization","@id":"https:\/\/www.able2.org\/#organization","name":"ABLE2","url":"https:\/\/www.able2.org\/","logo":{"@type":"ImageObject","inLanguage":"fr-FR","@id":"https:\/\/www.able2.org\/#\/schema\/logo\/image\/","url":"https:\/\/www.able2.org\/wp-content\/uploads\/2020\/05\/logo.png","contentUrl":"https:\/\/www.able2.org\/wp-content\/uploads\/2020\/05\/logo.png","width":528,"height":137,"caption":"ABLE2"},"image":{"@id":"https:\/\/www.able2.org\/#\/schema\/logo\/image\/"}}]}},"_links":{"self":[{"href":"https:\/\/www.able2.org\/fr\/wp-json\/wp\/v2\/events\/20904"}],"collection":[{"href":"https:\/\/www.able2.org\/fr\/wp-json\/wp\/v2\/events"}],"about":[{"href":"https:\/\/www.able2.org\/fr\/wp-json\/wp\/v2\/types\/events"}],"version-history":[{"count":18,"href":"https:\/\/www.able2.org\/fr\/wp-json\/wp\/v2\/events\/20904\/revisions"}],"predecessor-version":[{"id":21962,"href":"https:\/\/www.able2.org\/fr\/wp-json\/wp\/v2\/events\/20904\/revisions\/21962"}],"wp:featuredmedia":[{"embeddable":true,"href":"https:\/\/www.able2.org\/fr\/wp-json\/wp\/v2\/media\/21206"}],"wp:attachment":[{"href":"https:\/\/www.able2.org\/fr\/wp-json\/wp\/v2\/media?parent=20904"}],"wp:term":[{"taxonomy":"category","embeddable":true,"href":"https:\/\/www.able2.org\/fr\/wp-json\/wp\/v2\/categories?post=20904"},{"taxonomy":"post_tag","embeddable":true,"href":"https:\/\/www.able2.org\/fr\/wp-json\/wp\/v2\/tags?post=20904"}],"curies":[{"name":"wp","href":"https:\/\/api.w.org\/{rel}","templated":true}]}}