{"version":"1.0","provider_name":"ABLE2","provider_url":"https:\/\/www.able2.org\/fr\/","title":"Comment le b\u00e9n\u00e9volat inclusif renforce les communaut\u00e9s | ABLE2","type":"rich","width":600,"height":338,"html":"<blockquote class=\"wp-embedded-content\" data-secret=\"u7YUAdiDPv\"><a href=\"https:\/\/www.able2.org\/fr\/comment-le-benevolat-inclusif-renforce-les-communautes\/\">Comment le b\u00e9n\u00e9volat inclusif renforce les communaut\u00e9s<\/a><\/blockquote><iframe sandbox=\"allow-scripts\" security=\"restricted\" src=\"https:\/\/www.able2.org\/fr\/comment-le-benevolat-inclusif-renforce-les-communautes\/embed\/#?secret=u7YUAdiDPv\" width=\"600\" height=\"338\" title=\"\u00ab\u00a0Comment le b\u00e9n\u00e9volat inclusif renforce les communaut\u00e9s\u00a0\u00bb &#8212; ABLE2\" data-secret=\"u7YUAdiDPv\" frameborder=\"0\" marginwidth=\"0\" marginheight=\"0\" scrolling=\"no\" class=\"wp-embedded-content\"><\/iframe><script>\n\/*! This file is auto-generated *\/\n!function(d,l){\"use strict\";l.querySelector&&d.addEventListener&&\"undefined\"!=typeof URL&&(d.wp=d.wp||{},d.wp.receiveEmbedMessage||(d.wp.receiveEmbedMessage=function(e){var t=e.data;if((t||t.secret||t.message||t.value)&&!\/[^a-zA-Z0-9]\/.test(t.secret)){for(var s,r,n,a=l.querySelectorAll('iframe[data-secret=\"'+t.secret+'\"]'),o=l.querySelectorAll('blockquote[data-secret=\"'+t.secret+'\"]'),c=new RegExp(\"^https?:$\",\"i\"),i=0;i<o.length;i++)o[i].style.display=\"none\";for(i=0;i<a.length;i++)s=a[i],e.source===s.contentWindow&&(s.removeAttribute(\"style\"),\"height\"===t.message?(1e3<(r=parseInt(t.value,10))?r=1e3:~~r<200&&(r=200),s.height=r):\"link\"===t.message&&(r=new URL(s.getAttribute(\"src\")),n=new URL(t.value),c.test(n.protocol))&&n.host===r.host&&l.activeElement===s&&(d.top.location.href=t.value))}},d.addEventListener(\"message\",d.wp.receiveEmbedMessage,!1),l.addEventListener(\"DOMContentLoaded\",function(){for(var e,t,s=l.querySelectorAll(\"iframe.wp-embedded-content\"),r=0;r<s.length;r++)(t=(e=s[r]).getAttribute(\"data-secret\"))||(t=Math.random().toString(36).substring(2,12),e.src+=\"#?secret=\"+t,e.setAttribute(\"data-secret\",t)),e.contentWindow.postMessage({message:\"ready\",secret:t},\"*\")},!1)))}(window,document);\n<\/script>\n","thumbnail_url":"https:\/\/www.able2.org\/wp-content\/uploads\/2026\/04\/2604-ED-Blog-Header-Image-Volunteer-Week-Cropped.png","thumbnail_width":940,"thumbnail_height":529,"description":"La Semaine nationale du b\u00e9n\u00e9volat est l\u2019occasion de c\u00e9l\u00e9brer et de mettre en lumi\u00e8re le r\u00f4le essentiel des b\u00e9n\u00e9voles au sein de nos communaut\u00e9s. Comme le rappelle le th\u00e8me de B\u00e9n\u00e9voles Canada cette ann\u00e9e, mobiliser les b\u00e9n\u00e9voles, c\u2019est bien plus que leur t\u00e9moigner de la reconnaissance\u00a0: c\u2019est leur donner du sens, renforcer leurs liens et [&hellip;]"}